{"id":4573,"date":"2019-02-14T16:37:57","date_gmt":"2019-02-14T15:37:57","guid":{"rendered":"http:\/\/www.augen-blicke-afrika.de\/blog\/?page_id=4573"},"modified":"2023-09-03T18:19:07","modified_gmt":"2023-09-03T16:19:07","slug":"nachlese-2018","status":"publish","type":"page","link":"https:\/\/www.augen-blicke-afrika.de\/blog\/nachlese-2018\/","title":{"rendered":"Nachlese 2018"},"content":{"rendered":"<h1><strong>Nachlese zu unserem afrikanischen Kultur- und Filmfestival 2018<\/strong><\/h1>\n<p>Unser diesj\u00e4hriges Festival stand unter dem Motto <strong>Aufbruch in Afrika: Protestbewegungen in den Kunst- und Kulturszenen afrikanischer&nbsp;Metropolen und die Zukunft Afrikas.<\/strong><\/p>\n<h2><\/h2>\n<h2><strong>Dokumentation von Catherine Menschner<br \/>\n<\/strong><\/h2>\n<p><iframe loading=\"lazy\" src=\"https:\/\/www.youtube.com\/embed\/I3hEDegOiHI\" allowfullscreen=\"allowfullscreen\" width=\"560\" height=\"315\" frameborder=\"0\"><\/iframe><\/p>\n<h2><\/h2>\n<p>&nbsp;<\/p>\n<h2><a href=\"#Selwine\"><strong>Keynotes by Prof. Selwine Sarr in der Kulturfabrik<\/strong><\/a><\/h2>\n<p><iframe loading=\"lazy\" src=\"https:\/\/www.youtube.com\/embed\/WiiWJreKKHk\" allowfullscreen=\"allowfullscreen\" width=\"560\" height=\"315\" frameborder=\"0\"><\/iframe><br \/>\n&nbsp;<\/p>\n<h2><a href=\"#Selwine\"><strong>&#8220;Journal rapp\u00e8&#8221; presented by Keyti<\/strong><\/a><\/h2>\n<p><iframe loading=\"lazy\" src=\"https:\/\/www.youtube.com\/embed\/t9I5ftUui4g\" allowfullscreen=\"allowfullscreen\" width=\"560\" height=\"315\" frameborder=\"0\"><\/iframe><br \/>\n&nbsp;<\/p>\n<p><strong>Vorbereitung<\/strong><\/p>\n<p>Die Entwicklung des Projektes dauerte zweieinhalb Jahre.<\/p>\n<p>Grundidee war es, in diesem Jahr \u00fcber den Rahmen des schon etablierten Filmfestivals hinaus ein <strong>gro\u00dfes afrikanisches Kulturfestival<\/strong> zu veranstalten. So stand in der Vorbereitung zuerst die Einwerbung neuer Finanzquellen im Vordergrund.<\/p>\n<p>Parallel dazu wurde Schritt f\u00fcr Schritt das inhaltliche Konzept entwickelt.<\/p>\n<p>Der Film 100% Dakar und mein Interesse an den Rappern und den <strong>Protestbewegungen in Afrika<\/strong> waren der Ansatzpunkt, um ein \u00fcbergeordnetes Thema f\u00fcr das Festival herauszuarbeiten.<\/p>\n<p>Dazu aktivierte ich meine Verbindungen zu den <strong>Rappern im Senegal<\/strong>, \u00fcber die ich 2005 einen Dokumentarfilm gedreht hatte. Im Februar 2017 hatte ich in Dakar erste Vorgespr\u00e4che und im Mai 2018 flog ich mit Michael erneut in den Senegal und besprach Auswahl der K\u00fcnstler und Organisation mit Amadou Fall Ba vom Verein <strong>&#8220;Afroculturban&#8221;<\/strong> und mit vielen K\u00fcnstlern selbst. Wir machten einen Zeitplan und eine grobe finanzielle Kalkulation.<\/p>\n<p>Als kooperierende Institutionen in Hamburg gewannen wir schlie\u00dflich das <strong>G\u00e4ngeviertel, die Kampnagelfabrik und das Studio-Kino<\/strong>, f\u00fcr einmalige kleinere Film- und Diskussionsveranstaltungen das <strong>Alabama Kino, W3, M.Bassy<\/strong>.<\/p>\n<p>Au\u00dferdem kooperierten wir mit der <strong>HipHop Akademie<\/strong> bei der Durchf\u00fchrung eines Begegnungsworkshops.<\/p>\n<p>&nbsp;<\/p>\n<h2><strong>Durchf\u00fchrung<\/strong><\/h2>\n<p>Er\u00f6ffnung in der Fabrique des G\u00e4ngeviertels.<\/p>\n<p>Das Festival wurde am 15. September in der Fabrique des G\u00e4ngeviertels er\u00f6ffnet in Anwesenheit des <strong>Grafitti K\u00fcnstlers &#8220;Docta&#8221; aus Dakar<\/strong>. Er ist der prominenteste Grafitti K\u00fcnstler Senegals und wird im n\u00e4chsten Jahr sein zehntes Grafitti Festival &#8220;Festi-graff&#8221; in Dakar veranstalten.<\/p>\n<p><a href=\"http:\/\/www.augen-blicke-afrika.de\/blog\/wp-content\/uploads\/2019\/02\/image2.png\"><img loading=\"lazy\" decoding=\"async\" class=\"alignnone size-full wp-image-4575\" src=\"http:\/\/www.augen-blicke-afrika.de\/blog\/wp-content\/uploads\/2019\/02\/image2.png\" alt=\"image2\" width=\"720\" height=\"479\" srcset=\"https:\/\/www.augen-blicke-afrika.de\/blog\/wp-content\/uploads\/2019\/02\/image2.png 720w, https:\/\/www.augen-blicke-afrika.de\/blog\/wp-content\/uploads\/2019\/02\/image2-300x200.png 300w, https:\/\/www.augen-blicke-afrika.de\/blog\/wp-content\/uploads\/2019\/02\/image2-451x300.png 451w\" sizes=\"auto, (max-width: 720px) 100vw, 720px\" \/><\/a><\/p>\n<h3>Die Vorbereitungsgruppe\u201eAugen Blicke Afrika\u201c: von rechts: Cosima Conrad, Elisabeth Heinrich,Cath\u00e9rine Menschner, Hans-J\u00f6rg Heinrich, Michael Hett, Ingrid Wernich, Rolf Denkewitz.<\/h3>\n<p>&nbsp;<\/p>\n<h3><a href=\"http:\/\/www.augen-blicke-afrika.de\/blog\/wp-content\/uploads\/2019\/02\/image3.png\"><img loading=\"lazy\" decoding=\"async\" class=\"alignnone size-full wp-image-4576\" src=\"http:\/\/www.augen-blicke-afrika.de\/blog\/wp-content\/uploads\/2019\/02\/image3.png\" alt=\"image3\" width=\"1548\" height=\"2064\" srcset=\"https:\/\/www.augen-blicke-afrika.de\/blog\/wp-content\/uploads\/2019\/02\/image3.png 1548w, https:\/\/www.augen-blicke-afrika.de\/blog\/wp-content\/uploads\/2019\/02\/image3-225x300.png 225w, https:\/\/www.augen-blicke-afrika.de\/blog\/wp-content\/uploads\/2019\/02\/image3-768x1024.png 768w\" sizes=\"auto, (max-width: 1548px) 100vw, 1548px\" \/><\/a><\/h3>\n<h3>Hans-J\u00f6rg Heinrich und Docta<\/h3>\n<p>&nbsp;<\/p>\n<p>Nach der Er\u00f6ffnungsrede wurde das Orga-Team vorgestellt und es gab \u00e4thiopische Leckereien und Live Musik des <strong>Koraspielers Samba N&#8217;Daye<\/strong> und des <strong>Perkussionisten <\/strong><strong>Yancouba Badji<\/strong> aus dem Senegal.<\/p>\n<p><a href=\"http:\/\/www.augen-blicke-afrika.de\/blog\/wp-content\/uploads\/2019\/02\/image4.jpeg\"><img loading=\"lazy\" decoding=\"async\" class=\"alignnone size-full wp-image-4577\" src=\"http:\/\/www.augen-blicke-afrika.de\/blog\/wp-content\/uploads\/2019\/02\/image4.jpeg\" alt=\"image4\" width=\"640\" height=\"426\" srcset=\"https:\/\/www.augen-blicke-afrika.de\/blog\/wp-content\/uploads\/2019\/02\/image4.jpeg 640w, https:\/\/www.augen-blicke-afrika.de\/blog\/wp-content\/uploads\/2019\/02\/image4-300x200.jpeg 300w, https:\/\/www.augen-blicke-afrika.de\/blog\/wp-content\/uploads\/2019\/02\/image4-451x300.jpeg 451w\" sizes=\"auto, (max-width: 640px) 100vw, 640px\" \/><\/a><a href=\"http:\/\/www.augen-blicke-afrika.de\/blog\/wp-content\/uploads\/2019\/02\/image5.jpeg\"><img loading=\"lazy\" decoding=\"async\" class=\"alignnone size-full wp-image-4578\" src=\"http:\/\/www.augen-blicke-afrika.de\/blog\/wp-content\/uploads\/2019\/02\/image5.jpeg\" alt=\"image5\" width=\"640\" height=\"426\" srcset=\"https:\/\/www.augen-blicke-afrika.de\/blog\/wp-content\/uploads\/2019\/02\/image5.jpeg 640w, https:\/\/www.augen-blicke-afrika.de\/blog\/wp-content\/uploads\/2019\/02\/image5-300x200.jpeg 300w, https:\/\/www.augen-blicke-afrika.de\/blog\/wp-content\/uploads\/2019\/02\/image5-451x300.jpeg 451w\" sizes=\"auto, (max-width: 640px) 100vw, 640px\" \/><\/a><\/p>\n<p>In den folgenden 12 Tagen <strong>sprayte Docta<\/strong> an zwei W\u00e4nden im Eingangsbereich der Fabrique des G\u00e4ngeviertels wunderbare <strong>inhaltlich engagierte Bilder<\/strong>, eines davon in Zusammenarbeit mit dem <strong>Hamburger Sprayer &#8220;Imun&#8221;.<\/strong> Er arbeitete t\u00e4glich von 10 Uhr morgens oft bis sp\u00e4t in die Nacht bei k\u00fcnstlicher Beleuchtung. St\u00e4ndig kamen Menschen vorbei, guckten zu, manche diskutierten mit ihm \u00fcber den Inhalt, \u00fcber Spraystil und Farben seiner Arbeiten.<\/p>\n<p>Am Ende lud er Imun ein, an seinem Festival im M\u00e4rz n\u00e4chsten Jahres teilzunehmen.<\/p>\n<h3><a href=\"http:\/\/www.augen-blicke-afrika.de\/blog\/wp-content\/uploads\/2019\/02\/image6.png\"><img loading=\"lazy\" decoding=\"async\" class=\"alignnone size-full wp-image-4579\" src=\"http:\/\/www.augen-blicke-afrika.de\/blog\/wp-content\/uploads\/2019\/02\/image6.png\" alt=\"image6\" width=\"720\" height=\"370\" srcset=\"https:\/\/www.augen-blicke-afrika.de\/blog\/wp-content\/uploads\/2019\/02\/image6.png 720w, https:\/\/www.augen-blicke-afrika.de\/blog\/wp-content\/uploads\/2019\/02\/image6-300x154.png 300w, https:\/\/www.augen-blicke-afrika.de\/blog\/wp-content\/uploads\/2019\/02\/image6-500x257.png 500w\" sizes=\"auto, (max-width: 720px) 100vw, 720px\" \/><\/a>&nbsp;&nbsp;<a href=\"http:\/\/www.augen-blicke-afrika.de\/blog\/wp-content\/uploads\/2019\/02\/7-10.jpeg\"><img loading=\"lazy\" decoding=\"async\" class=\"alignnone size-full wp-image-4640\" src=\"http:\/\/www.augen-blicke-afrika.de\/blog\/wp-content\/uploads\/2019\/02\/7-10.jpeg\" alt=\"7-10\" width=\"1252\" height=\"858\" srcset=\"https:\/\/www.augen-blicke-afrika.de\/blog\/wp-content\/uploads\/2019\/02\/7-10.jpeg 1252w, https:\/\/www.augen-blicke-afrika.de\/blog\/wp-content\/uploads\/2019\/02\/7-10-300x206.jpeg 300w, https:\/\/www.augen-blicke-afrika.de\/blog\/wp-content\/uploads\/2019\/02\/7-10-768x526.jpeg 768w, https:\/\/www.augen-blicke-afrika.de\/blog\/wp-content\/uploads\/2019\/02\/7-10-1024x702.jpeg 1024w, https:\/\/www.augen-blicke-afrika.de\/blog\/wp-content\/uploads\/2019\/02\/7-10-438x300.jpeg 438w\" sizes=\"auto, (max-width: 1252px) 100vw, 1252px\" \/><\/a>Docta und Imun im G\u00e4ngeviertel<\/h3>\n<p>&nbsp;<\/p>\n<p>F\u00fcr zwei Abende hatten <strong>wir in der Fabrique des G\u00e4ngeviertels Konzerte mit Hamburger Musikern<\/strong> organisiert.<\/p>\n<p>Das geplante <strong>Familienfest mit afrikanischem<\/strong> Essen am 22.9. fiel buchst\u00e4blich ins Wasser, da es p\u00fcnktlich um 15 Uhr stark zu regnen begann, ein Novum dieses Sommers. Leider hatten wir keinen Plan f\u00fcr eine Verlegung des Festes nach drinnen gemacht. Erst als der Regen gegen Abend aufh\u00f6rte, nahm die Veranstaltung Fahrt auf.<\/p>\n<p><strong>Toto Lightmanns Kinderchor<\/strong> brillierte vor etwa 40 Fans mit Soulklassikern und eigenen Liedern auf einer kleinen B\u00fchne drau\u00dfen. Anschlie\u00dfend ging es weiter mit der <strong>Bangoura Group<\/strong>, die mit Kora, Balafon und Djembe mit afrikanischen Rhythmen, brasilianischem Gesang und selbst entwickelten T\u00e4nzen das Publikum faszinierte. Der Abend klang aus mit hei\u00dfen afrikanischen Rhythmen von DJ Bouba.<\/p>\n<p><a href=\"http:\/\/www.augen-blicke-afrika.de\/blog\/wp-content\/uploads\/2019\/02\/image11.jpeg\"><img loading=\"lazy\" decoding=\"async\" class=\"alignnone size-full wp-image-4584\" src=\"http:\/\/www.augen-blicke-afrika.de\/blog\/wp-content\/uploads\/2019\/02\/image11.jpeg\" alt=\"image11\" width=\"640\" height=\"480\" srcset=\"https:\/\/www.augen-blicke-afrika.de\/blog\/wp-content\/uploads\/2019\/02\/image11.jpeg 640w, https:\/\/www.augen-blicke-afrika.de\/blog\/wp-content\/uploads\/2019\/02\/image11-300x225.jpeg 300w, https:\/\/www.augen-blicke-afrika.de\/blog\/wp-content\/uploads\/2019\/02\/image11-400x300.jpeg 400w\" sizes=\"auto, (max-width: 640px) 100vw, 640px\" \/><\/a><\/p>\n<h3>Toto Lightman Kinderchor<\/h3>\n<p>&nbsp;<\/p>\n<p>Am 6.10. gab es dann die <strong>Kinshasa Nights <\/strong>in der Fabrique des G\u00e4ngeviertels: Videoclips von den kongolesischen Congotronics, Afrobeat, Rumba, Reggae und HipHop.<\/p>\n<h3><strong><a href=\"http:\/\/www.augen-blicke-afrika.de\/blog\/wp-content\/uploads\/2019\/02\/image12.jpeg\"><img loading=\"lazy\" decoding=\"async\" class=\"alignnone wp-image-4585\" src=\"http:\/\/www.augen-blicke-afrika.de\/blog\/wp-content\/uploads\/2019\/02\/image12.jpeg\" alt=\"image12\" width=\"548\" height=\"316\"><\/a><\/strong><\/h3>\n<h3>aus dem Video &#8220;Congotronics&#8221;<\/h3>\n<p>&nbsp;<\/p>\n<p>Der H\u00f6hepunkt war das Konzert der bekannten Musiker <strong>Bouba Fall<\/strong> und <strong>Christian von Richthofen<\/strong>, die unterst\u00fctzt von Spontanauftritten anderer Musiker ein wahres Feuerwerk von Rhythmen und Gesang auf Trommeln und Trashinstrumenten entz\u00fcndeten. Dies ging \u00fcber in afrikanische funkige DJ- Musik, die dann immer wieder mit Liveeinlagen garniert wurde.<\/p>\n<table style=\"border-bottom: none;\">\n<tbody>\n<tr>\n<td style=\"border-top: none;\"><a href=\"http:\/\/www.augen-blicke-afrika.de\/blog\/wp-content\/uploads\/2019\/02\/image13.jpeg\"><img loading=\"lazy\" decoding=\"async\" class=\"alignnone size-full wp-image-4586\" src=\"http:\/\/www.augen-blicke-afrika.de\/blog\/wp-content\/uploads\/2019\/02\/image13.jpeg\" alt=\"image13\" width=\"276\" height=\"183\"><\/a><\/p>\n<h3><a href=\"http:\/\/www.augen-blicke-afrika.de\/blog\/wp-content\/uploads\/2019\/02\/image14.jpeg\">Christian von Richthofen<\/a><\/h3>\n<\/td>\n<td style=\"border-top: none;\"><a href=\"http:\/\/www.augen-blicke-afrika.de\/blog\/wp-content\/uploads\/2019\/02\/image14.jpeg\"><img loading=\"lazy\" decoding=\"async\" class=\"alignnone size-full wp-image-4587\" src=\"http:\/\/www.augen-blicke-afrika.de\/blog\/wp-content\/uploads\/2019\/02\/image14.jpeg\" alt=\"image14\" width=\"275\" height=\"183\"><\/a><\/p>\n<h3><a href=\"http:\/\/www.augen-blicke-afrika.de\/blog\/wp-content\/uploads\/2019\/02\/image14.jpeg\"> Bouba Fall<\/a><\/h3>\n<\/td>\n<\/tr>\n<\/tbody>\n<\/table>\n<p>&nbsp;<\/p>\n<h2><strong>Veranstaltungsreihe auf dem Kampnagelgel\u00e4nde<\/strong><\/h2>\n<p>Ein H\u00f6hepunkt unseres Festivals war die dreit\u00e4gige Veranstaltungsreihe auf dem Kampnagelgel\u00e4nde unter dem Motto: <strong>PROTESTBEWEGUNGEN IN DEN KUNST- UND KULTURSZENEN WESTAFRIKANISCHER METROPOLEN <\/strong>vom 23.10. bis zum 25.10.<\/p>\n<p>Afrikanische Aktivist*innen, K\u00fcnstler*innen und Intellektuelle er\u00f6rterten in Film, Vortrag, Panel, Raptheater und Konzert M\u00f6glichkeiten und Grenzen von Protestbewegungen angesichts der aktuellen politischen und sozialen Zust\u00e4nde in (West-)Afrika und entsprechende Zukunftsaussichten.<br \/>\nDer Dokumentarfilm &#8220;<strong>THE REVOLUTION WON\u2018T BE TELEVISED&#8221;<\/strong> von Rama Thiaw liefert eine \u00fcber mehrere Jahre entstandene \u201eInnensicht\u201c der <strong>senegalesischen Protestbewegung \u201eY\u2019en a marre\u201c<\/strong> an der Schnittstelle zwischen Hip-Hop-Kultur und Politik. Im voll besetzten Alabama Kino diskutierten die Filmemacherin und Thiat, Rapper und einer der Protagonisten des Films \u00fcber eine Stunde lang \u00fcber die Rolle der sozialen Bewegungen im Senegal, die Kraft der Rapmusik f\u00fcr die Bewegung und ihre aktuelle politische Einsch\u00e4tzung sechs Monate vor den Wahlen.<\/p>\n<p><a href=\"http:\/\/www.augen-blicke-afrika.de\/blog\/wp-content\/uploads\/2019\/02\/image16.png\"><img loading=\"lazy\" decoding=\"async\" class=\"alignnone size-full wp-image-4589\" src=\"http:\/\/www.augen-blicke-afrika.de\/blog\/wp-content\/uploads\/2019\/02\/image16.png\" alt=\"image16\" width=\"720\" height=\"479\" srcset=\"https:\/\/www.augen-blicke-afrika.de\/blog\/wp-content\/uploads\/2019\/02\/image16.png 720w, https:\/\/www.augen-blicke-afrika.de\/blog\/wp-content\/uploads\/2019\/02\/image16-300x200.png 300w, https:\/\/www.augen-blicke-afrika.de\/blog\/wp-content\/uploads\/2019\/02\/image16-451x300.png 451w\" sizes=\"auto, (max-width: 720px) 100vw, 720px\" \/><\/a><\/p>\n<h3>Rapper Thiat und Regisseurin Rama Thiaw aus dem Senegal<\/h3>\n<p>&nbsp;<\/p>\n<p>F\u00fcr den folgenden Tag hatten wir den zur Zeit meist diskutierten Autor, <strong>Philosophen und Wirtschaftswissenschaftler Felwine Sarr aus dem Senegal<\/strong> zu Gast. Der Saal k2 war voll besetzt mit Interessierten aller Art.<br \/>\nIn seinem Manifest <strong>&#8220;AFROTOPIA&#8221;<\/strong> fordert Sarr eine wirkliche Entkolonialisierung und ein Neudenken von Wirtschaft, Politik und Zusammenleben, abseits des westlichen, kolonial durchgesetzten Entwicklungsmodells und der imperialen Wachstumsphilosophie. An dem Abend erl\u00e4uterte er die Entstehungsbedingungen seines Buches, das im Januar 2019 auch auf Deutsch erscheinen wird.<\/p>\n<p><a id=\"Selwine\" name=\"Selwine\"><br \/>\n<iframe loading=\"lazy\" src=\"https:\/\/www.youtube.com\/embed\/WiiWJreKKHk\" allowfullscreen=\"allowfullscreen\" width=\"560\" height=\"315\" frameborder=\"0\"><\/iframe><\/a><\/p>\n<p><a id=\"Selwine\" name=\"Selwine\"><\/a><\/p>\n<p><a id=\"Selwine\" name=\"Selwine\"><\/p>\n<h3>Felwine Sarr<\/h3>\n<p><\/a><a id=\"Selwine\" name=\"Selwine\"><\/a><a id=\"Selwine\" name=\"Selwine\"><\/a><br \/>\n&nbsp;<br \/>\n<a id=\"Journal\" name=\"Journal\"><br \/>\n<iframe loading=\"lazy\" src=\"https:\/\/www.youtube.com\/embed\/t9I5ftUui4g\" allowfullscreen=\"allowfullscreen\" width=\"560\" height=\"315\" frameborder=\"0\"><\/iframe><\/a><\/p>\n<p>Umrahmt wurde der Vortrag von einer \u00e4u\u00dferst spannenden multivisionellen Rapshow des Projektes <strong>\u00bbJournal Rapp\u00e9\u00ab<\/strong>&nbsp;. Es ist ein Projekt der senegalesischen <strong>Rapper XUMAN und KEYTI<\/strong>. Sie machen mit schnell gerappten Wortsalven tagesaktuelle News aus Politik, Religion und Sport in satirischer Form kompatibel f\u00fcr ein breites Publikum. Sie haben jede Woche eine neue aktuelle Show in einem der gro\u00dfen TV Sender. Keyti war einer der ersten Rapper Senegals und ist aktiv seit den sp\u00e4ten 80ger Jahren. Er stellte die Entwicklung ihres Projektes und der Rapmusik im Senegal in den historischen und politischen Zusammenhang des Landes. Der Stil der Show wurde bisher in mehreren afrikanischen L\u00e4ndern kopiert und die beiden Rapper geben dazu auch entsprechende Workshops.<\/p>\n<table style=\"border-bottom: none;\">\n<tbody>\n<tr>\n<td style=\"border-top: none;\"><a href=\"http:\/\/www.augen-blicke-afrika.de\/blog\/wp-content\/uploads\/2019\/02\/image18.jpeg\"><img loading=\"lazy\" decoding=\"async\" class=\"alignnone wp-image-4591 size-medium\" src=\"http:\/\/www.augen-blicke-afrika.de\/blog\/wp-content\/uploads\/2019\/02\/image18-300x200.jpeg\" width=\"300\" height=\"200\" srcset=\"https:\/\/www.augen-blicke-afrika.de\/blog\/wp-content\/uploads\/2019\/02\/image18-300x200.jpeg 300w, https:\/\/www.augen-blicke-afrika.de\/blog\/wp-content\/uploads\/2019\/02\/image18-451x300.jpeg 451w, https:\/\/www.augen-blicke-afrika.de\/blog\/wp-content\/uploads\/2019\/02\/image18.jpeg 640w\" sizes=\"auto, (max-width: 300px) 100vw, 300px\" \/><\/a><\/td>\n<td style=\"border-top: none;\"><a href=\"http:\/\/www.augen-blicke-afrika.de\/blog\/wp-content\/uploads\/2019\/02\/image19.jpeg\"><img loading=\"lazy\" decoding=\"async\" class=\"alignnone wp-image-4592 size-medium\" src=\"http:\/\/www.augen-blicke-afrika.de\/blog\/wp-content\/uploads\/2019\/02\/image19-300x200.jpeg\" width=\"300\" height=\"200\" srcset=\"https:\/\/www.augen-blicke-afrika.de\/blog\/wp-content\/uploads\/2019\/02\/image19-300x200.jpeg 300w, https:\/\/www.augen-blicke-afrika.de\/blog\/wp-content\/uploads\/2019\/02\/image19-451x300.jpeg 451w, https:\/\/www.augen-blicke-afrika.de\/blog\/wp-content\/uploads\/2019\/02\/image19.jpeg 640w\" sizes=\"auto, (max-width: 300px) 100vw, 300px\" \/><\/a><\/td>\n<\/tr>\n<\/tbody>\n<\/table>\n<p>Ein Panel \u00fcber die <strong>M\u00f6glichkeiten und Grenzen aktueller Protestbewegungen in Westafrika<\/strong><strong> rundete den Abend ab. <\/strong><strong>Felwine Sarr (Philosoph), Rama Thiaw (Filmemacherin) und Thiat (Rapper der Gruppe Keur Gui, Aktivist)<\/strong> diskutierten mit der Moderatorin Louisa Prause und gaben ihre z.T. unterschiedlichen Einsch\u00e4tzungen f\u00fcr die n\u00e4chsten Pr\u00e4sidentschaftswahlen im Februar 2019 ab. Leider reichte der prall gef\u00fcllte Abend nicht aus, um die vielen Fragen aus dem Publikum zu beantworten.<\/p>\n<table style=\"border-bottom: none;\">\n<tbody>\n<tr>\n<td style=\"border-top: medium none; width: 50%;\"><a href=\"http:\/\/www.augen-blicke-afrika.de\/blog\/wp-content\/uploads\/2019\/02\/image20.png\"><img decoding=\"async\" class=\"alignnone wp-image-4593 size-full\" src=\"http:\/\/www.augen-blicke-afrika.de\/blog\/wp-content\/uploads\/2019\/02\/image20.png\" width=\"100%\" srcset=\"https:\/\/www.augen-blicke-afrika.de\/blog\/wp-content\/uploads\/2019\/02\/image20.png 640w, https:\/\/www.augen-blicke-afrika.de\/blog\/wp-content\/uploads\/2019\/02\/image20-300x200.png 300w, https:\/\/www.augen-blicke-afrika.de\/blog\/wp-content\/uploads\/2019\/02\/image20-451x300.png 451w\" sizes=\"(max-width: 640px) 100vw, 640px\" \/><\/a><\/p>\n<h3>Podiumsdiskussion auf Kampnagel<\/h3>\n<\/td>\n<td style=\"border-top: medium none; width: 50%;\"><a href=\"http:\/\/www.augen-blicke-afrika.de\/blog\/wp-content\/uploads\/2019\/02\/image21.png\"><img decoding=\"async\" class=\"alignnone wp-image-4594 size-full\" src=\"http:\/\/www.augen-blicke-afrika.de\/blog\/wp-content\/uploads\/2019\/02\/image21.png\" width=\"100%\" srcset=\"https:\/\/www.augen-blicke-afrika.de\/blog\/wp-content\/uploads\/2019\/02\/image21.png 640w, https:\/\/www.augen-blicke-afrika.de\/blog\/wp-content\/uploads\/2019\/02\/image21-300x200.png 300w, https:\/\/www.augen-blicke-afrika.de\/blog\/wp-content\/uploads\/2019\/02\/image21-451x300.png 451w\" sizes=\"(max-width: 640px) 100vw, 640px\" \/><\/a><\/p>\n<p>&nbsp;<\/td>\n<\/tr>\n<\/tbody>\n<\/table>\n<p>Den Abschluss der dreit\u00e4gigen Veranstaltung bildete das <strong>Rapkonzert<\/strong> mit der angesagtesten senegalesischen <strong>Rapruppe Keur Gui<\/strong> und dem <strong>Matador Kollektiv<\/strong>. Mehr als zwei Stunden pr\u00e4sentierten beide Gruppen eine ausgefeilte Show und konnten das begeisterte Publikum zum Mitmachen animieren. Das letzte St\u00fcck wurde begleitet von Rappern und Breakt\u00e4nzern der <strong>HipHop Academy Hamburg.<\/strong> In einem zweit\u00e4gigen Workshop tauschten sie sich aus und erarbeiteten einen gemeinsamen Song.<\/p>\n<p><a href=\"http:\/\/www.augen-blicke-afrika.de\/blog\/wp-content\/uploads\/2019\/02\/image22.jpeg\"><img loading=\"lazy\" decoding=\"async\" class=\"alignnone size-full wp-image-4595\" src=\"http:\/\/www.augen-blicke-afrika.de\/blog\/wp-content\/uploads\/2019\/02\/image22.jpeg\" alt=\"image22\" width=\"640\" height=\"397\" srcset=\"https:\/\/www.augen-blicke-afrika.de\/blog\/wp-content\/uploads\/2019\/02\/image22.jpeg 640w, https:\/\/www.augen-blicke-afrika.de\/blog\/wp-content\/uploads\/2019\/02\/image22-300x186.jpeg 300w, https:\/\/www.augen-blicke-afrika.de\/blog\/wp-content\/uploads\/2019\/02\/image22-484x300.jpeg 484w\" sizes=\"auto, (max-width: 640px) 100vw, 640px\" \/><\/a><\/p>\n<h3>Keur Gui, Matador group &amp; Redchild vor der Hip Hop Akademie<\/h3>\n<p>&nbsp;<\/p>\n<p><strong>Keur Gui<\/strong> gelten als eine der sichtbarsten und engagiertesten Hip Hop Gruppen auf dem afrikanischen Kontinent. 2011\/2012 waren sie ma\u00dfgeblich an der Protestbewegung im Senegal beteiligt, was zur Abwahl des ungeliebten Pr\u00e4sidenten Abdoulaye Wade f\u00fchrte.<\/p>\n<p><a href=\"http:\/\/www.augen-blicke-afrika.de\/blog\/wp-content\/uploads\/2019\/02\/image23.jpeg\"><img loading=\"lazy\" decoding=\"async\" class=\"alignnone size-full wp-image-4596\" src=\"http:\/\/www.augen-blicke-afrika.de\/blog\/wp-content\/uploads\/2019\/02\/image23.jpeg\" alt=\"image23\" width=\"640\" height=\"426\" srcset=\"https:\/\/www.augen-blicke-afrika.de\/blog\/wp-content\/uploads\/2019\/02\/image23.jpeg 640w, https:\/\/www.augen-blicke-afrika.de\/blog\/wp-content\/uploads\/2019\/02\/image23-300x200.jpeg 300w, https:\/\/www.augen-blicke-afrika.de\/blog\/wp-content\/uploads\/2019\/02\/image23-451x300.jpeg 451w\" sizes=\"auto, (max-width: 640px) 100vw, 640px\" \/><\/a><img loading=\"lazy\" decoding=\"async\" class=\"alignnone size-full wp-image-4597\" src=\"http:\/\/www.augen-blicke-afrika.de\/blog\/wp-content\/uploads\/2019\/02\/image24.jpeg\" alt=\"image24\" width=\"640\" height=\"426\" srcset=\"https:\/\/www.augen-blicke-afrika.de\/blog\/wp-content\/uploads\/2019\/02\/image24.jpeg 640w, https:\/\/www.augen-blicke-afrika.de\/blog\/wp-content\/uploads\/2019\/02\/image24-300x200.jpeg 300w, https:\/\/www.augen-blicke-afrika.de\/blog\/wp-content\/uploads\/2019\/02\/image24-451x300.jpeg 451w\" sizes=\"auto, (max-width: 640px) 100vw, 640px\" \/><\/p>\n<h3>Konzert von Keur Gui auf Kampnagel<\/h3>\n<p>&nbsp;<\/p>\n<p><strong>Matador<\/strong> z\u00e4hlt seit \u00fcber 20 Jahren zu den bekanntesten Rappern Senegals. Die Jugend von Dakar h\u00f6rt auf ihn. Er will die Migration nach Europa stoppen. Mit seinen Texten versucht Matador die senegalesische Jugend von einem Verbleib in Afrika zu \u00fcberzeugen.<br \/>\nDie HipHop Academy Hamburg bietet ein Trainingsprogramm in allen wichtigen Disziplinen der HipHop Kultur.<\/p>\n<p><a href=\"http:\/\/www.augen-blicke-afrika.de\/blog\/wp-content\/uploads\/2019\/02\/image25.jpeg\"><img loading=\"lazy\" decoding=\"async\" class=\"wp-image-4598 alignnone\" src=\"http:\/\/www.augen-blicke-afrika.de\/blog\/wp-content\/uploads\/2019\/02\/image25.jpeg\" width=\"318\" height=\"216\"><\/a><a href=\"http:\/\/www.augen-blicke-afrika.de\/blog\/wp-content\/uploads\/2019\/02\/image26.jpeg\">&nbsp; <img loading=\"lazy\" decoding=\"async\" class=\"alignnone wp-image-4599\" src=\"http:\/\/www.augen-blicke-afrika.de\/blog\/wp-content\/uploads\/2019\/02\/image26.jpeg\" alt=\"image26\" width=\"119\" height=\"203\"><\/a><\/p>\n<h3>Konzert von Matador mit DJ Mat Killa auf Kampnagel<\/h3>\n<p>&nbsp;<\/p>\n<h2><strong>7. Afrikanisches Filmfestival <\/strong><\/h2>\n<p>Den letzten Teil unseres <strong>afrikanischen Festivals<\/strong> bildete das mittlerweile zum siebten Mal organisierte Filmfestival mit einer Auswahl von <strong>31 Filmen aus 22 L\u00e4ndern<\/strong> des gro\u00dfen vielf\u00e4ltigen Kontinents.<br \/>\nEr\u00f6ffnet wurde unser Festival wie immer mit afrikanischer Livemusik und gutem Essen und Trinken. Nach der Er\u00f6ffnungsrede von Hans-J\u00f6rg Heinrich gab unsere diesj\u00e4hrige <strong>Schirmfrau Ilsemargret Luttmann<\/strong>, Dozentin der Unis L\u00fcneburg und Hamburg, eine Innenschau der Protestbewegungen in der Kunst- und Kulturszene in einigen afrikanischen L\u00e4ndern.<\/p>\n<p><a href=\"http:\/\/www.augen-blicke-afrika.de\/blog\/wp-content\/uploads\/2019\/02\/image27.jpeg\"><img loading=\"lazy\" decoding=\"async\" class=\"alignnone size-full wp-image-4600\" src=\"http:\/\/www.augen-blicke-afrika.de\/blog\/wp-content\/uploads\/2019\/02\/image27.jpeg\" alt=\"image27\" width=\"6000\" height=\"4000\" srcset=\"https:\/\/www.augen-blicke-afrika.de\/blog\/wp-content\/uploads\/2019\/02\/image27.jpeg 6000w, https:\/\/www.augen-blicke-afrika.de\/blog\/wp-content\/uploads\/2019\/02\/image27-300x200.jpeg 300w, https:\/\/www.augen-blicke-afrika.de\/blog\/wp-content\/uploads\/2019\/02\/image27-768x512.jpeg 768w, https:\/\/www.augen-blicke-afrika.de\/blog\/wp-content\/uploads\/2019\/02\/image27-1024x683.jpeg 1024w, https:\/\/www.augen-blicke-afrika.de\/blog\/wp-content\/uploads\/2019\/02\/image27-450x300.jpeg 450w\" sizes=\"auto, (max-width: 6000px) 100vw, 6000px\" \/><\/a><\/p>\n<h3>Hans-J\u00f6rg Heinrich, Hawa Essuman, Jordan Riber, Schirmfrau Ilsemargret Luttman<\/h3>\n<p><a href=\"http:\/\/www.augen-blicke-afrika.de\/blog\/wp-content\/uploads\/2019\/02\/image28.jpeg\"><img loading=\"lazy\" decoding=\"async\" class=\"alignnone size-full wp-image-4601\" src=\"http:\/\/www.augen-blicke-afrika.de\/blog\/wp-content\/uploads\/2019\/02\/image28.jpeg\" alt=\"image28\" width=\"6000\" height=\"4000\" srcset=\"https:\/\/www.augen-blicke-afrika.de\/blog\/wp-content\/uploads\/2019\/02\/image28.jpeg 6000w, https:\/\/www.augen-blicke-afrika.de\/blog\/wp-content\/uploads\/2019\/02\/image28-300x200.jpeg 300w, https:\/\/www.augen-blicke-afrika.de\/blog\/wp-content\/uploads\/2019\/02\/image28-768x512.jpeg 768w, https:\/\/www.augen-blicke-afrika.de\/blog\/wp-content\/uploads\/2019\/02\/image28-1024x683.jpeg 1024w, https:\/\/www.augen-blicke-afrika.de\/blog\/wp-content\/uploads\/2019\/02\/image28-450x300.jpeg 450w\" sizes=\"auto, (max-width: 6000px) 100vw, 6000px\" \/><\/a><\/p>\n<p>Wir freuten uns, drei der Filmemacher unseres Festivals begr\u00fc\u00dfen zu k\u00f6nnen: n\u00e4mlich Eddy Munyaneza aus Burundi, Jordan Riber aus Tanzania und Hawa Essuman aus Kenia. Diese haben dann ihre Filmvorfu\u0308hrungen an den Folgetagen begleitet und an der Podiumsdiskussion teilgenommen.<\/p>\n<p><a href=\"http:\/\/www.augen-blicke-afrika.de\/blog\/wp-content\/uploads\/2019\/02\/image29.jpeg\"><img loading=\"lazy\" decoding=\"async\" class=\"alignnone size-full wp-image-4602\" src=\"http:\/\/www.augen-blicke-afrika.de\/blog\/wp-content\/uploads\/2019\/02\/image29.jpeg\" alt=\"image29\" width=\"6000\" height=\"4000\" srcset=\"https:\/\/www.augen-blicke-afrika.de\/blog\/wp-content\/uploads\/2019\/02\/image29.jpeg 6000w, https:\/\/www.augen-blicke-afrika.de\/blog\/wp-content\/uploads\/2019\/02\/image29-300x200.jpeg 300w, https:\/\/www.augen-blicke-afrika.de\/blog\/wp-content\/uploads\/2019\/02\/image29-768x512.jpeg 768w, https:\/\/www.augen-blicke-afrika.de\/blog\/wp-content\/uploads\/2019\/02\/image29-1024x683.jpeg 1024w, https:\/\/www.augen-blicke-afrika.de\/blog\/wp-content\/uploads\/2019\/02\/image29-450x300.jpeg 450w\" sizes=\"auto, (max-width: 6000px) 100vw, 6000px\" \/><\/a><\/p>\n<h3>Hans-J\u00f6rg Heinrich, Hawa Essuman, Jordan Riber Eddy Munjanez<\/h3>\n<p>&nbsp;<\/p>\n<p>Der <strong>Er\u00f6ffnungsfilm &#8220;Silas&#8221;<\/strong> zeigt den unermu\u0308dlichen Kampf des Umweltaktivisten Silas in Liberia, der mit einer Gruppe von Aktivisten und der einheimischen Bev\u00f6lkerung lange Kampagnen gegen die Abholzung der Urw\u00e4lder organisierte. Silas fordert korrupte Eliten heraus, er mobilisiert die l\u00e4ndliche Bev\u00f6lkerung und will sich politisch aktiv im Parlament einbringen.<\/p>\n<p>Im Anschluss an den Film gab es eine l\u00e4ngere Diskussion \u00fcber die Entstehungsgeschichte des Films mit der anwesenden <strong>Regisseurin Hawa Essuman.<\/strong><\/p>\n<p><a href=\"http:\/\/www.augen-blicke-afrika.de\/blog\/wp-content\/uploads\/2019\/02\/image30.png\"><img loading=\"lazy\" decoding=\"async\" class=\"alignnone size-full wp-image-4603\" src=\"http:\/\/www.augen-blicke-afrika.de\/blog\/wp-content\/uploads\/2019\/02\/image30.png\" alt=\"image30\" width=\"1151\" height=\"647\" srcset=\"https:\/\/www.augen-blicke-afrika.de\/blog\/wp-content\/uploads\/2019\/02\/image30.png 1151w, https:\/\/www.augen-blicke-afrika.de\/blog\/wp-content\/uploads\/2019\/02\/image30-300x169.png 300w, https:\/\/www.augen-blicke-afrika.de\/blog\/wp-content\/uploads\/2019\/02\/image30-768x432.png 768w, https:\/\/www.augen-blicke-afrika.de\/blog\/wp-content\/uploads\/2019\/02\/image30-1024x576.png 1024w, https:\/\/www.augen-blicke-afrika.de\/blog\/wp-content\/uploads\/2019\/02\/image30-500x281.png 500w\" sizes=\"auto, (max-width: 1151px) 100vw, 1151px\" \/><\/a><\/p>\n<h3>Silas<\/h3>\n<p>&nbsp;<\/p>\n<p>Einige Filme des Festivals greifen das Oberthema <strong>Demokratisierungsprozesse in afrikanischen L\u00e4ndern<\/strong> auf. Die Dokumentarfilme &#8220;<strong>Kinshasa Makambo!<\/strong> aus dem Kongo und &#8220;<strong>Lendemains Incertains&#8221;<\/strong> aus Burundi zeigen aus sehr pers\u00f6nlicher Sicht <strong>die K\u00e4mpfe junger Aktivisten gegen die korrupten Eliten<\/strong> ihrer L\u00e4nder.<br \/>\nDer anwesende Filmemacher <strong>Eddy Munyaneza<\/strong> stellte sich anschlie\u00dfend den Fragen des Publikums und beantwortete auch sehr pers\u00f6nliche Fragen. Er musste auf Grund der Kritik des Films am Pr\u00e4sidenten und dem korrupten politischen Systems mit seiner Familie aus dem Land fliehen. Und selbst in einem Land wie Senegal f\u00fchlte er sich nicht mehr sicher, da er von dort anwesenden Vertretern der burundischen Regierung beobachtet und verfolgt wurde.<\/p>\n<p><a href=\"http:\/\/www.augen-blicke-afrika.de\/blog\/wp-content\/uploads\/2019\/02\/image31.jpeg\"><img loading=\"lazy\" decoding=\"async\" class=\"alignnone size-full wp-image-4604\" src=\"http:\/\/www.augen-blicke-afrika.de\/blog\/wp-content\/uploads\/2019\/02\/image31.jpeg\" alt=\"image31\" width=\"6000\" height=\"4000\" srcset=\"https:\/\/www.augen-blicke-afrika.de\/blog\/wp-content\/uploads\/2019\/02\/image31.jpeg 6000w, https:\/\/www.augen-blicke-afrika.de\/blog\/wp-content\/uploads\/2019\/02\/image31-300x200.jpeg 300w, https:\/\/www.augen-blicke-afrika.de\/blog\/wp-content\/uploads\/2019\/02\/image31-768x512.jpeg 768w, https:\/\/www.augen-blicke-afrika.de\/blog\/wp-content\/uploads\/2019\/02\/image31-1024x683.jpeg 1024w, https:\/\/www.augen-blicke-afrika.de\/blog\/wp-content\/uploads\/2019\/02\/image31-450x300.jpeg 450w\" sizes=\"auto, (max-width: 6000px) 100vw, 6000px\" \/><\/a><\/p>\n<p>Der Film &#8220;<strong>Burkinab\u00e9 Rising&#8221;<\/strong> knu\u0308pft nicht nur daran an, wie 2014 in Burkina Faso vornehmlich durch <strong>massive Jugendproteste<\/strong> der langj\u00e4hrige Pr\u00e4sident Blaise Compaor\u00e9 zuru\u0308cktreten musste. Er zeigt auch, dass dieser Erfolg Kr\u00e4fte freigesetzt hat, die in <strong>vielf\u00e4ltigen Kunst- und Musikprojekten<\/strong> zum Ausdruck kommen.<\/p>\n<p><a href=\"http:\/\/www.augen-blicke-afrika.de\/blog\/wp-content\/uploads\/2019\/02\/image32.png\"><img loading=\"lazy\" decoding=\"async\" class=\"alignnone size-full wp-image-4605\" src=\"http:\/\/www.augen-blicke-afrika.de\/blog\/wp-content\/uploads\/2019\/02\/image32.png\" alt=\"image32\" width=\"960\" height=\"526\" srcset=\"https:\/\/www.augen-blicke-afrika.de\/blog\/wp-content\/uploads\/2019\/02\/image32.png 960w, https:\/\/www.augen-blicke-afrika.de\/blog\/wp-content\/uploads\/2019\/02\/image32-300x164.png 300w, https:\/\/www.augen-blicke-afrika.de\/blog\/wp-content\/uploads\/2019\/02\/image32-768x421.png 768w, https:\/\/www.augen-blicke-afrika.de\/blog\/wp-content\/uploads\/2019\/02\/image32-500x274.png 500w\" sizes=\"auto, (max-width: 960px) 100vw, 960px\" \/><\/a><\/p>\n<p>Aber auch in leichteren kom\u00f6diantischen Filmen machten Filmemacher*innen auf die desolaten Zust\u00e4nde in ihren L\u00e4ndern aufmerksam. Der \u00e4gyptische Film &#8220;<strong>Ali, the Goat and Ibrahim&#8221;<\/strong> ist ein turbulenter und skurriler Trip quer durch \u00c4gypten. In &#8220;<strong>Djon \u00c1frica&#8221;<\/strong> taucht der Protagonist Miguel, als Rapper unter dem Namen \u201eTibars\u201c bekannt, von einer leisen Melancholie begleitet ein in die Inselwelt der Kapverden, auf der Suche nach seinen Wurzeln. Der nigerianische Film &#8220;<strong>Hakkunde &#8211; Welcome to Lagos&#8221;<\/strong> zeigt mit viel Humor und Musikuntermalung den Kampf um Selbstverwirklichung und verdeutlicht, was es hei\u00dft, zur jungen Generation im heutigen Nigeria zu geh\u00f6ren.<\/p>\n<p><a href=\"http:\/\/www.augen-blicke-afrika.de\/blog\/wp-content\/uploads\/2019\/02\/image33.png\"><img loading=\"lazy\" decoding=\"async\" class=\"alignnone size-full wp-image-4606\" src=\"http:\/\/www.augen-blicke-afrika.de\/blog\/wp-content\/uploads\/2019\/02\/image33.png\" alt=\"image33\" width=\"320\" height=\"133\" srcset=\"https:\/\/www.augen-blicke-afrika.de\/blog\/wp-content\/uploads\/2019\/02\/image33.png 320w, https:\/\/www.augen-blicke-afrika.de\/blog\/wp-content\/uploads\/2019\/02\/image33-300x125.png 300w\" sizes=\"auto, (max-width: 320px) 100vw, 320px\" \/><\/a><\/p>\n<h3>Ali, the Goat and Ibrahim<\/h3>\n<p>&nbsp;<\/p>\n<p>Dass in Afrika auch die Entwicklungsgeschichte der Musik und der Musiker nicht ohne soziale und politische K\u00e4mpfe denkbar ist, zeigen die Filme &#8220;<strong>Jazzman&#8221; <\/strong>aus \u00c4gypten, &#8220;<strong>Sounds of The World: Mauritius&#8221;<\/strong> und aus Mali Manthia Diawaras &#8220;<strong>An Opera of the World&#8221;<\/strong>.<br \/>\nIm Anschluss an den Film &#8220;Jazzman&#8221; diskutierte das Publikum auch kurz vor Mitternacht noch mit dem angereisten <strong>Regisseur Atef Ben Bouzid<\/strong> die die Schwierigkeit, in einem repressiven Land wie \u00c4gypten Jahr f\u00fcr Jahr ein Jazzfestival mit internationalen K\u00fcnstlern zu organisieren, dessen Musik f\u00fcr individuellen Ausdruck, Freiheit und Kreativit\u00e4t steht.<\/p>\n<p>Den informell vergebenen <strong>Publikumspreis<\/strong> erhielt der wunderbare kongolesische Film &#8220;<strong>Maki&#8217;la&#8221;<\/strong>. Mit seinen sehr authentisch agierenden Protagonisten konnte das Publikum das \u00e4u\u00dferst harte Leben einer Gruppe von Stra\u00dfenjugendlichen in Kinshasa drastisch miterleben. Die Dramatik der Geschichte, die raue Opulenz der Drehorte, die Street Credibility der Darsteller sind markante cineastische Statements des Films. Nach einer kurzen Diskussion des Publikums untereinander verlie\u00dfen alle sehr nachdenklich den Kinosaal.<\/p>\n<p><a href=\"http:\/\/www.augen-blicke-afrika.de\/blog\/wp-content\/uploads\/2019\/02\/image34.jpeg\"><img loading=\"lazy\" decoding=\"async\" class=\"alignnone size-full wp-image-4607\" src=\"http:\/\/www.augen-blicke-afrika.de\/blog\/wp-content\/uploads\/2019\/02\/image34.jpeg\" alt=\"image34\" width=\"1024\" height=\"576\" srcset=\"https:\/\/www.augen-blicke-afrika.de\/blog\/wp-content\/uploads\/2019\/02\/image34.jpeg 1024w, https:\/\/www.augen-blicke-afrika.de\/blog\/wp-content\/uploads\/2019\/02\/image34-300x169.jpeg 300w, https:\/\/www.augen-blicke-afrika.de\/blog\/wp-content\/uploads\/2019\/02\/image34-768x432.jpeg 768w, https:\/\/www.augen-blicke-afrika.de\/blog\/wp-content\/uploads\/2019\/02\/image34-500x281.jpeg 500w\" sizes=\"auto, (max-width: 1024px) 100vw, 1024px\" \/><\/a><\/p>\n<h3>Maki&#8217;la<\/h3>\n<p>&nbsp;<\/p>\n<p><strong>Publikumsrenner<\/strong> waren erwartungsgem\u00e4\u00df die beiden Filme &#8220;<strong>Rafiki&#8221;<\/strong> und &#8220;<strong>Welcom to Sodom&#8221;<\/strong>. Beide wurden in der deutschen Presse besprochen, haben einen deutschen Verleih und liefen schon auf Festivals bzw. im deutschen Kino.<\/p>\n<p><strong>&#8220;Rafiki&#8221;<\/strong> ist die tragische Geschichte zweier M\u00e4dchen in Kenia, die sich unschuldig ineinander verlieben und durch die gro\u00dfe Intoleranz der traditionellen kenianischen Denkweise scheitern mussten.<\/p>\n<p><a href=\"http:\/\/www.augen-blicke-afrika.de\/blog\/wp-content\/uploads\/2019\/02\/image35.jpeg\"><img loading=\"lazy\" decoding=\"async\" class=\"alignnone size-full wp-image-4608\" src=\"http:\/\/www.augen-blicke-afrika.de\/blog\/wp-content\/uploads\/2019\/02\/image35.jpeg\" alt=\"image35\" width=\"800\" height=\"400\" srcset=\"https:\/\/www.augen-blicke-afrika.de\/blog\/wp-content\/uploads\/2019\/02\/image35.jpeg 800w, https:\/\/www.augen-blicke-afrika.de\/blog\/wp-content\/uploads\/2019\/02\/image35-300x150.jpeg 300w, https:\/\/www.augen-blicke-afrika.de\/blog\/wp-content\/uploads\/2019\/02\/image35-768x384.jpeg 768w, https:\/\/www.augen-blicke-afrika.de\/blog\/wp-content\/uploads\/2019\/02\/image35-500x250.jpeg 500w\" sizes=\"auto, (max-width: 800px) 100vw, 800px\" \/><\/a><\/p>\n<h3>Rafiki<\/h3>\n<p>&nbsp;<\/p>\n<p><strong>&#8220;Welcom to Sodom&#8221;<\/strong> ist eine einf\u00fchlsame Bestandsaufnahme des \u00dcberlebens tausender Menschen auf der weltgr\u00f6\u00dften Elektroschrott-M\u00fcllhalde am Rande von Ghanas Hauptstadt Accra. In ruhigen Bildern zeigt der Film, mit welchen Mitteln die Menschen den Elektroschrott sammeln, wie sie dort leben, welche Hoffnungen und W\u00fcnsche sie trotzdem noch haben.<\/p>\n<p><a href=\"http:\/\/www.augen-blicke-afrika.de\/blog\/wp-content\/uploads\/2019\/02\/image36.jpeg\"><img loading=\"lazy\" decoding=\"async\" class=\"alignnone size-full wp-image-4609\" src=\"http:\/\/www.augen-blicke-afrika.de\/blog\/wp-content\/uploads\/2019\/02\/image36.jpeg\" alt=\"image36\" width=\"320\" height=\"214\" srcset=\"https:\/\/www.augen-blicke-afrika.de\/blog\/wp-content\/uploads\/2019\/02\/image36.jpeg 320w, https:\/\/www.augen-blicke-afrika.de\/blog\/wp-content\/uploads\/2019\/02\/image36-300x201.jpeg 300w\" sizes=\"auto, (max-width: 320px) 100vw, 320px\" \/><\/a><\/p>\n<p>&nbsp;<\/p>\n<p>&nbsp;<\/p>\n<h2><strong>Podiumsdiskussion<\/strong><\/h2>\n<p>Zu einer zweist\u00fcndigen <strong>Podiumsdiskussion<\/strong> hatten wir drei Filmemacher*innen eingeladen, zum Thema<strong>: &#8220;Filmemacher*innen greifen ein in politische und allt\u00e4gliche Auseinandersetzungen.&#8221;<\/strong> Wir wollten von ihnen erfahren, wie sie sich als Filmemacher in politischen Auseinandersetzungen verhalten, wie sie ihre Rolle z.B. auch in politische schwierigen Situationen sehen.<\/p>\n<p>Es diskutierten unter der kompetenten Leitung von <strong>Claudia Simons<\/strong>, Leiterin Referat Afrika, Heinrich-B\u00f6ll-Stiftung, die drei Filmemacher*innen<br \/>\n&#8211; <strong>Hawa Essuman,<\/strong> Liberia, Benin, Regisseurin mit dem Umweltfilm Silas<br \/>\n&#8211; <strong>Jordan Riber<\/strong>, Tansania, Regisseur, Autor und Produzent mit dem sozial-politischen Film Fatuma<br \/>\n&#8211; <strong>Eddy Munyaneza<\/strong>, Burundi\/ Frankreich, Filmemacher und Kameramann mit dem&nbsp;&nbsp; politisch direkt eingreifenden Film \u201aLendemains incertains\u2019.<\/p>\n<p><a href=\"http:\/\/www.augen-blicke-afrika.de\/blog\/wp-content\/uploads\/2019\/02\/image37.jpeg\"><img loading=\"lazy\" decoding=\"async\" class=\"alignnone size-full wp-image-4610\" src=\"http:\/\/www.augen-blicke-afrika.de\/blog\/wp-content\/uploads\/2019\/02\/image37.jpeg\" alt=\"image37\" width=\"6000\" height=\"4000\" srcset=\"https:\/\/www.augen-blicke-afrika.de\/blog\/wp-content\/uploads\/2019\/02\/image37.jpeg 6000w, https:\/\/www.augen-blicke-afrika.de\/blog\/wp-content\/uploads\/2019\/02\/image37-300x200.jpeg 300w, https:\/\/www.augen-blicke-afrika.de\/blog\/wp-content\/uploads\/2019\/02\/image37-768x512.jpeg 768w, https:\/\/www.augen-blicke-afrika.de\/blog\/wp-content\/uploads\/2019\/02\/image37-1024x683.jpeg 1024w, https:\/\/www.augen-blicke-afrika.de\/blog\/wp-content\/uploads\/2019\/02\/image37-450x300.jpeg 450w\" sizes=\"auto, (max-width: 6000px) 100vw, 6000px\" \/><\/a><\/p>\n<p>Die Leitfrage der Diskussionsrunde war, ob und inwieweit die Podiumsg\u00e4ste nur Filmschaffende oder auch politische Aktivisten seien, was sie mit ihren Filmen erreichen wollten und wie es m\u00f6glich sei, unter den schwierigen Bedingungen vor Ort die Filme zu drehen.<\/p>\n<p><a href=\"http:\/\/www.augen-blicke-afrika.de\/blog\/wp-content\/uploads\/2019\/02\/image38.jpeg\"><img loading=\"lazy\" decoding=\"async\" class=\"alignnone size-full wp-image-4611\" src=\"http:\/\/www.augen-blicke-afrika.de\/blog\/wp-content\/uploads\/2019\/02\/image38.jpeg\" alt=\"image38\" width=\"6000\" height=\"4000\" srcset=\"https:\/\/www.augen-blicke-afrika.de\/blog\/wp-content\/uploads\/2019\/02\/image38.jpeg 6000w, https:\/\/www.augen-blicke-afrika.de\/blog\/wp-content\/uploads\/2019\/02\/image38-300x200.jpeg 300w, https:\/\/www.augen-blicke-afrika.de\/blog\/wp-content\/uploads\/2019\/02\/image38-768x512.jpeg 768w, https:\/\/www.augen-blicke-afrika.de\/blog\/wp-content\/uploads\/2019\/02\/image38-1024x683.jpeg 1024w, https:\/\/www.augen-blicke-afrika.de\/blog\/wp-content\/uploads\/2019\/02\/image38-450x300.jpeg 450w\" sizes=\"auto, (max-width: 6000px) 100vw, 6000px\" \/><\/a><\/p>\n<h3>Claudia Simons, Eddy Munjaneza, Hawa Essuman, Jordan Riber<strong><br \/>\n<\/strong><\/h3>\n<p>&nbsp;<\/p>\n<p><strong>Hawa Essuman<\/strong> war der Meinung, dass Politik im Privatleben nicht negiert werden kann, wenn \u00fcberall auf der Welt internationale Konzerne den Lebensraum der Landbev\u00f6lkerung mit Planierraupen f\u00fcr den Anbau von Palm\u00f6l und Soja zerst\u00f6ren, und das mit angeblicher Erlaubnis der Regierung. Das hat dann weitreichende Konsequenzen, die ihr ernsthafte Sorgen bereiten. Ihr Film SILAS zeigt, wie der Umweltaktivist durch hartn\u00e4ckige Information und Aufkl\u00e4rung f\u00fcr die Anspr\u00fcche und Rechte der Landbev\u00f6lkerung gek\u00e4mpft und sie durchgesetzt hat.<br \/>\nSie m\u00f6chte gr\u00f6\u00dftm\u00f6gliche Aufmerksamkeit erzielen, neben umfassender Aufkl\u00e4rung Verhandlungen zwischen der Regierung, den internationalen Konzernen und der betroffenen Landbev\u00f6lkerung initiieren.<\/p>\n<p><strong>Jordan Riber<\/strong> sieht sich nicht als politischer Aktivist.<br \/>\nIn seinen Filmen erz\u00e4hlt er Geschichten, mit deren Protagonisten sich die Zuschauer identifizieren k\u00f6nnen, zeigt Missst\u00e4nde auf und regt m\u00f6gliche Ver\u00e4nderungen an. Er m\u00f6chte seine Filme ohne gr\u00f6\u00dfere Risiken fertigstellen k\u00f6nnen und ein m\u00f6glichst breites Publikum erreichen.<\/p>\n<p><a href=\"http:\/\/www.augen-blicke-afrika.de\/blog\/wp-content\/uploads\/2019\/02\/image39.jpeg\"><img loading=\"lazy\" decoding=\"async\" class=\"alignnone size-full wp-image-4612\" src=\"http:\/\/www.augen-blicke-afrika.de\/blog\/wp-content\/uploads\/2019\/02\/image39.jpeg\" alt=\"image39\" width=\"6000\" height=\"4000\" srcset=\"https:\/\/www.augen-blicke-afrika.de\/blog\/wp-content\/uploads\/2019\/02\/image39.jpeg 6000w, https:\/\/www.augen-blicke-afrika.de\/blog\/wp-content\/uploads\/2019\/02\/image39-300x200.jpeg 300w, https:\/\/www.augen-blicke-afrika.de\/blog\/wp-content\/uploads\/2019\/02\/image39-768x512.jpeg 768w, https:\/\/www.augen-blicke-afrika.de\/blog\/wp-content\/uploads\/2019\/02\/image39-1024x683.jpeg 1024w, https:\/\/www.augen-blicke-afrika.de\/blog\/wp-content\/uploads\/2019\/02\/image39-450x300.jpeg 450w\" sizes=\"auto, (max-width: 6000px) 100vw, 6000px\" \/><\/a><\/p>\n<h3>Hawa Essuman, Jordan Riber<\/h3>\n<p>&nbsp;<\/p>\n<p><strong>Eddy Munjaneza<\/strong> w\u00e4re gern Aktivist, sehe zurzeit aber leider keine M\u00f6glichkeit in das politische Geschehen Burundis einzugreifen.<br \/>\nEr habe sich bewusst f\u00fcr den politischen Film entschieden. Er begann seine Dokumentation mit pers\u00f6nlichem Engagement und wollte sich in seinem Film urspr\u00fcnglich \u00fcber die langj\u00e4hrige Tradition des Trommelns mit den historischen Wurzeln und der Identit\u00e4t der Afrikaner auseinandersetzen.<br \/>\nW\u00e4hrend der Dreharbeiten wurde er Zeuge der verheerenden Folgen des B\u00fcrgerkrieges in Burundi und begann f\u00fcr sein Land zu k\u00e4mpfen.<br \/>\nJetzt m\u00f6chte er zuallererst mit seinen Filmen die Menschen in Burundi und die 400.000 Fl\u00fcchtlinge erreichen, die das Land w\u00e4hrend des B\u00fcrgerkrieges verlassen mussten.<\/p>\n<p><a href=\"http:\/\/www.augen-blicke-afrika.de\/blog\/wp-content\/uploads\/2019\/02\/image40.jpeg\"><img loading=\"lazy\" decoding=\"async\" class=\"alignnone size-full wp-image-4613\" src=\"http:\/\/www.augen-blicke-afrika.de\/blog\/wp-content\/uploads\/2019\/02\/image40.jpeg\" alt=\"image40\" width=\"6000\" height=\"4000\" srcset=\"https:\/\/www.augen-blicke-afrika.de\/blog\/wp-content\/uploads\/2019\/02\/image40.jpeg 6000w, https:\/\/www.augen-blicke-afrika.de\/blog\/wp-content\/uploads\/2019\/02\/image40-300x200.jpeg 300w, https:\/\/www.augen-blicke-afrika.de\/blog\/wp-content\/uploads\/2019\/02\/image40-768x512.jpeg 768w, https:\/\/www.augen-blicke-afrika.de\/blog\/wp-content\/uploads\/2019\/02\/image40-1024x683.jpeg 1024w, https:\/\/www.augen-blicke-afrika.de\/blog\/wp-content\/uploads\/2019\/02\/image40-450x300.jpeg 450w\" sizes=\"auto, (max-width: 6000px) 100vw, 6000px\" \/><\/a><\/p>\n<h3>Eddy Munjaneza<\/h3>\n<p>&nbsp;<\/p>\n<p>Auf die Frage aus dem Publikum, worin sich der anf\u00e4nglich erfolgreiche Protest in Burundi zu der Situation heute unterscheide, antwortete Eddy Munyaneza , dass sich in Burundi seit Jahren die politische Krise und humanit\u00e4re Katastrophe zuspitze und in den europ\u00e4ischen Medien wenig Aufmerksamkeit erfahre. Mit der Best\u00e4tigung der dritten verfassungswidrigen Amtszeit von Pierre Nkuruziza in 2015 und nach dem gescheiterten Putschversuch habe die Regierung dem demokratischen Wandel eine Absage erteilt und verletze seither das Recht auf Meinungs- und Medienfreiheit. Au\u00dferdem habe die Opposition gr\u00f6\u00dftenteils das Land verlassen m\u00fcssen. Das l\u00e4hme die fr\u00fchere Aktivit\u00e4t und Kraft der Revolution.<br \/>\nSeine Filme d\u00fcrfen nicht auf allen afrikanischen Filmfestivals gezeigt werden und werden in Burundi auf Youtube geblockt.<br \/>\nEr sei dankbar f\u00fcr die M\u00f6glichkeiten, im Senegal arbeiten und seine Filme zeigen zu k\u00f6nnen.<\/p>\n<p><a href=\"http:\/\/www.augen-blicke-afrika.de\/blog\/wp-content\/uploads\/2019\/02\/image41.jpeg\"><img loading=\"lazy\" decoding=\"async\" class=\"alignnone size-full wp-image-4614\" src=\"http:\/\/www.augen-blicke-afrika.de\/blog\/wp-content\/uploads\/2019\/02\/image41.jpeg\" alt=\"image41\" width=\"6000\" height=\"4000\" srcset=\"https:\/\/www.augen-blicke-afrika.de\/blog\/wp-content\/uploads\/2019\/02\/image41.jpeg 6000w, https:\/\/www.augen-blicke-afrika.de\/blog\/wp-content\/uploads\/2019\/02\/image41-300x200.jpeg 300w, https:\/\/www.augen-blicke-afrika.de\/blog\/wp-content\/uploads\/2019\/02\/image41-768x512.jpeg 768w, https:\/\/www.augen-blicke-afrika.de\/blog\/wp-content\/uploads\/2019\/02\/image41-1024x683.jpeg 1024w, https:\/\/www.augen-blicke-afrika.de\/blog\/wp-content\/uploads\/2019\/02\/image41-450x300.jpeg 450w\" sizes=\"auto, (max-width: 6000px) 100vw, 6000px\" \/><\/a><\/p>\n<p>Claudia Simons bat das Podium um eine Einsch\u00e4tzung zum zunehmenden Einsatz der neuen Medien auf das Filmemachen. Das Podium betrachtete die Entwicklung als sehr erfreulich und als einen Beitrag zur Demokratisierung der Technologie. Inzwischen werden die Portale im Internet von einer Vielzahl guter Videos nahezu \u00fcberschwemmt. Es sei allerdings nicht leicht das \u00dcberangebot zu \u00fcberschauen.<\/p>\n<p>Die drei Filme aus Liberia, Tansania und Burundi zeigten exemplarisch f\u00fcr Afrika auf verschiedene Art die Probleme, aber auch realistische L\u00f6sungsans\u00e4tze und Erfolge der jeweiligen L\u00e4nder anschaulich auf. Sehr beeindruckend war es zu erfahren, welchen Herausforderungen sich die Filmschaffenden bei ihrer Arbeit stellen m\u00fcssen und unter welchen teils sehr schwierigen Bedingungen die Filme zustande gekommen sind. Trotz aller H\u00fcrden leisten die Filmschaffenden einen beachtlichen Beitrag zum Umbruch in Afrika.<br \/>\nDas Publikum war dankbar f\u00fcr die durch das Filmfestival \u201cAugen Blicke Afrika\u201c neu gewonnenen Erkenntnisse.<\/p>\n<p><a href=\"http:\/\/www.augen-blicke-afrika.de\/blog\/wp-content\/uploads\/2019\/02\/image42.jpeg\"><img loading=\"lazy\" decoding=\"async\" class=\"alignnone size-full wp-image-4615\" src=\"http:\/\/www.augen-blicke-afrika.de\/blog\/wp-content\/uploads\/2019\/02\/image42.jpeg\" alt=\"image42\" width=\"6000\" height=\"4000\" srcset=\"https:\/\/www.augen-blicke-afrika.de\/blog\/wp-content\/uploads\/2019\/02\/image42.jpeg 6000w, https:\/\/www.augen-blicke-afrika.de\/blog\/wp-content\/uploads\/2019\/02\/image42-300x200.jpeg 300w, https:\/\/www.augen-blicke-afrika.de\/blog\/wp-content\/uploads\/2019\/02\/image42-768x512.jpeg 768w, https:\/\/www.augen-blicke-afrika.de\/blog\/wp-content\/uploads\/2019\/02\/image42-1024x683.jpeg 1024w, https:\/\/www.augen-blicke-afrika.de\/blog\/wp-content\/uploads\/2019\/02\/image42-450x300.jpeg 450w\" sizes=\"auto, (max-width: 6000px) 100vw, 6000px\" \/><\/a><\/p>\n<h3>Ingrid Wernich, Hans-J\u00f6rg Heinrich. Eddy Munyaneza<\/h3>\n<p>&nbsp;<\/p>\n<h2><strong>\u00d6ffentlichkeitsarbeit<\/strong><\/h2>\n<p>Das Festival wurde durch Programmhefte, Plakate und eine <strong>intensive Presse- und \u00d6ffentlichkeitsarbeit<\/strong> beworben. Bereits im Vorwege des Festivals wurde eine Werbepostkarte in Umlauf gebracht, die auf das bevorstehende Event hinwies. Das Verteilen der Werbepostkarte bei diversen Veranstaltungen sowie das Plakatieren \u00fcbernahm die Vorbereitungsgruppe selbst.<\/p>\n<p>Das <strong>Medienecho<\/strong> war positiv, verlagerte sich jedoch mehr auf Online-Portale. So gelang es uns \u00fcber das Online-Portal hamburg.de einen gro\u00dfen Verteiler und Leserkreis zu erreichen. Dazu kamen Postings auf verschiedenen <strong>Webseiten<\/strong> von taz bis Afrika-Verein Hamburg. Eine intensive facebook-Pr\u00e4senz sowie der umfangreiche private Mailverteiler hatten f\u00fcr eine weitere Verbreitung gesorgt.<\/p>\n<p>Mit dem j\u00e4hrlichen Auftritt im <strong>Fr\u00fchcafe auf HH1<\/strong> erreichten wir auch Zuschauer, die sonst wenig mit Afrika zu tun haben. Gern h\u00e4tten wir mehr Pr\u00e4senz im Radio gehabt, was sich aber nach wie vor als schwierig herausstellt. Lediglich im Radio von Tide in der Sendung <strong>\u201eRadio Triangula\u201c<\/strong> wurde unser Festival vorgestellt.<br \/>\nErneut lie\u00dfen wir eine filmische Dokumentation der Podiumsdiskussion erstellen, um Ergebnisse zu sichern, Eindr\u00fccke einzufangen und Werbung f\u00fcr eine Fortsetzung des erfolgreichen Festivals zu machen.<\/p>\n<p><a href=\"http:\/\/www.augen-blicke-afrika.de\/blog\/wp-content\/uploads\/2019\/02\/43-45.gif\"><img loading=\"lazy\" decoding=\"async\" class=\"alignnone size-full wp-image-4660\" src=\"http:\/\/www.augen-blicke-afrika.de\/blog\/wp-content\/uploads\/2019\/02\/43-45.gif\" alt=\"43-45\" width=\"610\" height=\"867\"><\/a><\/p>\n<h2><\/h2>\n<h2><strong>Fazit<\/strong><\/h2>\n<p>Die starke Erweiterung unseres Filmfestivals zu einem afrikanischen Kulturfestival hat unsere Kr\u00e4fte als ehrenamtlich arbeitendes kleines Team manchmal \u00fcberfordert. Aber mit viel Spa\u00df und gro\u00dfer Energie stellten wir ein spannendes und vielf\u00e4ltiges Festival auf die beine, das viele Highlights hatte.<br \/>\nBesonders muss die <strong>dreit\u00e4gige Veranstaltungsreihe<\/strong> auf dem Gel\u00e4nde von <strong>Kampnagel<\/strong> hervorgehoben werden.<br \/>\nDie Zusammenarbeit mit den <strong>senegalesischen Rappern und Aktivisten<\/strong> sowie mit dem zur Zeit meist <strong>diskutierten Denker Afrikas<\/strong>, dem Autor und Wissenschaftler <strong>Felwine Sarr<\/strong>, hatte ein gro\u00dfes Publikum angezogen und eine Informationsl\u00fccke bez\u00fcglich der politischen und sozialen Situation in Teilen Afrikas geschlossen. Das gro\u00dfe Interesse ruft nach Fortsetzung, zumal auch eine gro\u00dfe Gruppe von <strong>Studenten<\/strong> der Unis L\u00fcneburg und Hamburg anwesend waren und an den Themen weiter arbeiten.<br \/>\nAuch das in 12 Tagen <strong>gesprayte Wandbild im G\u00e4ngeviertel<\/strong> hinterl\u00e4sst dauerhaft eine Spur.<br \/>\nDie Programmhefte f\u00fcr unser anschlie\u00dfendes Filmfestival waren auch auf diesen Veranstaltungen hei\u00df begehrt und trugen vermutlich zur Belebung unseres Filmfestivals bei.<br \/>\nWir registrierten beim mittlerweile 7. Filmfestival <strong>viele neue Gesichter<\/strong>. Auff\u00e4llig war, dass viele Menschen eine Vielzahl der Filme ansahen und im Anschluss mit diskutierten.<br \/>\nEin guter Ansatz war weiterhin<strong>, lokale afrikanische K\u00fcnstler<\/strong> mit in das Festival einzubeziehen. Es waren \u00fcberwiegend Musiker, die auf der Er\u00f6ffnung und bei den Partys im G\u00e4ngeviertel auftraten. Eine Zusammenarbeit zwischen afrikanischen und deutschen K\u00fcnstlern bei der Erstellung des Wandbilds und <strong>beim zweit\u00e4gigen Workshop<\/strong> in der Hip-Hop-Akademie gestaltete sich schwieriger. Von Seiten der deutschen K\u00fcnstler gab es einige Vorbehalte aufgrund der unterschiedlichen Arbeitsweisen. W\u00e4hrend deutsche K\u00fcnstler eine l\u00e4ngere Vorbereitungsphase mit Ausarbeitung von Konzepten und vorherigen Absprachen gewohnt sind, arbeiten afrikanische K\u00fcnstler eher spontan und entwickeln Konzepte gern gemeinsam vor Ort. Das f\u00fchrte dazu, dass nur wenige deutsche K\u00fcnstler an den gemeinsamen Projekten teilnahmen. Es folgte jedoch eine Einladung an die teilgenommenen deutschen Sprayer zum 10. &#8220;Festigraff&#8221; im M\u00e4rz 2019 nach Dakar.<\/p>\n<p><a href=\"http:\/\/www.augen-blicke-afrika.de\/blog\/wp-content\/uploads\/2019\/02\/image46.jpeg\"><img loading=\"lazy\" decoding=\"async\" class=\"alignnone size-full wp-image-4619\" src=\"http:\/\/www.augen-blicke-afrika.de\/blog\/wp-content\/uploads\/2019\/02\/image46.jpeg\" alt=\"image46\" width=\"640\" height=\"480\" srcset=\"https:\/\/www.augen-blicke-afrika.de\/blog\/wp-content\/uploads\/2019\/02\/image46.jpeg 640w, https:\/\/www.augen-blicke-afrika.de\/blog\/wp-content\/uploads\/2019\/02\/image46-300x225.jpeg 300w, https:\/\/www.augen-blicke-afrika.de\/blog\/wp-content\/uploads\/2019\/02\/image46-400x300.jpeg 400w\" sizes=\"auto, (max-width: 640px) 100vw, 640px\" \/><\/a><\/p>\n<h3>Hamburg Tour mit unseren G\u00e4sten<\/h3>\n<p><a href=\"http:\/\/www.augen-blicke-afrika.de\/blog\/wp-content\/uploads\/2019\/02\/43-53.jpg\"><img loading=\"lazy\" decoding=\"async\" class=\"alignnone size-full wp-image-4661\" src=\"http:\/\/www.augen-blicke-afrika.de\/blog\/wp-content\/uploads\/2019\/02\/43-53.jpg\" alt=\"43-53\" width=\"800\" height=\"1370\" srcset=\"https:\/\/www.augen-blicke-afrika.de\/blog\/wp-content\/uploads\/2019\/02\/43-53.jpg 800w, https:\/\/www.augen-blicke-afrika.de\/blog\/wp-content\/uploads\/2019\/02\/43-53-175x300.jpg 175w, https:\/\/www.augen-blicke-afrika.de\/blog\/wp-content\/uploads\/2019\/02\/43-53-768x1315.jpg 768w, https:\/\/www.augen-blicke-afrika.de\/blog\/wp-content\/uploads\/2019\/02\/43-53-598x1024.jpg 598w\" sizes=\"auto, (max-width: 800px) 100vw, 800px\" \/><\/a><\/p>\n<h3>Unsere senegalesischen Hip Hopper in Hamburg unterwegs<\/h3>\n<p>&nbsp;<\/p>\n<p>Hans-J\u00f6rg Heinrich, Hamburg, 16.1.2019<\/p>\n<p>&nbsp;<\/p>\n","protected":false},"excerpt":{"rendered":"<p>Nachlese zu unserem afrikanischen Kultur- und Filmfestival 2018 Unser diesj\u00e4hriges Festival stand unter dem Motto Aufbruch in Afrika: Protestbewegungen in den Kunst- und Kulturszenen afrikanischer&nbsp;Metropolen und die Zukunft Afrikas. Dokumentation von Catherine Menschner &nbsp; Keynotes by Prof. Selwine Sarr in &hellip; <a href=\"https:\/\/www.augen-blicke-afrika.de\/blog\/nachlese-2018\/\">Weiterlesen <span class=\"meta-nav\">&rarr;<\/span><\/a><\/p>\n","protected":false},"author":3,"featured_media":5126,"parent":0,"menu_order":0,"comment_status":"closed","ping_status":"closed","template":"afrika2018.php","meta":{"footnotes":""},"class_list":["post-4573","page","type-page","status-publish","has-post-thumbnail","hentry"],"_links":{"self":[{"href":"https:\/\/www.augen-blicke-afrika.de\/blog\/wp-json\/wp\/v2\/pages\/4573","targetHints":{"allow":["GET"]}}],"collection":[{"href":"https:\/\/www.augen-blicke-afrika.de\/blog\/wp-json\/wp\/v2\/pages"}],"about":[{"href":"https:\/\/www.augen-blicke-afrika.de\/blog\/wp-json\/wp\/v2\/types\/page"}],"author":[{"embeddable":true,"href":"https:\/\/www.augen-blicke-afrika.de\/blog\/wp-json\/wp\/v2\/users\/3"}],"replies":[{"embeddable":true,"href":"https:\/\/www.augen-blicke-afrika.de\/blog\/wp-json\/wp\/v2\/comments?post=4573"}],"version-history":[{"count":54,"href":"https:\/\/www.augen-blicke-afrika.de\/blog\/wp-json\/wp\/v2\/pages\/4573\/revisions"}],"predecessor-version":[{"id":7496,"href":"https:\/\/www.augen-blicke-afrika.de\/blog\/wp-json\/wp\/v2\/pages\/4573\/revisions\/7496"}],"wp:featuredmedia":[{"embeddable":true,"href":"https:\/\/www.augen-blicke-afrika.de\/blog\/wp-json\/wp\/v2\/media\/5126"}],"wp:attachment":[{"href":"https:\/\/www.augen-blicke-afrika.de\/blog\/wp-json\/wp\/v2\/media?parent=4573"}],"curies":[{"name":"wp","href":"https:\/\/api.w.org\/{rel}","templated":true}]}}