{"id":3564,"date":"2017-10-11T16:12:53","date_gmt":"2017-10-11T14:12:53","guid":{"rendered":"http:\/\/www.augen-blicke-afrika.de\/blog\/?page_id=3564"},"modified":"2022-09-19T21:44:40","modified_gmt":"2022-09-19T19:44:40","slug":"frontieres","status":"publish","type":"page","link":"https:\/\/www.augen-blicke-afrika.de\/blog\/archiv\/archiv-2017\/filme-2017\/frontieres\/","title":{"rendered":"FRONTI\u00c8RES"},"content":{"rendered":"<table style=\"height: 356px;\" width=\"756\">\n<thead>\n<tr>\n<td>\n<p class=\"hide-if-no-js\"><a id=\"set-post-thumbnail\" class=\"thickbox\" title=\"Beitragsbild festlegen\" href=\"http:\/\/www.augen-blicke-afrika.de\/blog\/wp-admin\/media-upload.php?post_id=1368&amp;type=image&amp;TB_iframe=1\"><img loading=\"lazy\" decoding=\"async\" class=\"attachment-post-thumbnail alignnone\" src=\"http:\/\/www.augen-blicke-afrika.de\/blog\/wp-content\/uploads\/2017\/10\/Frontie\u0300re-1.jpg\" alt=\"FRONTI\u00c8RES\" width=\"573\" height=\"340\"><\/a><\/p>\n<h1>FRONTI\u00c8RES<\/h1>\n<h3>Burkina Faso 2017, R.: Apolline Traor\u00e9, 90 Min., OF, engl. UT<\/h3>\n<\/td>\n<\/tr>\n<\/thead>\n<tbody>\n<tr>\n<td>Vier Frauen reisen aus unterschiedlichen pers\u00f6nlichen Gr\u00fcnden auf dem Landweg von Senegal \u00fcber Mali, Burkina Faso, Benin bis in die Millionenmetropole Lagos in Nigeria. Auf der Tour sind sie Schikanen an den Grenzen, Korruption, Warenschmugglern, Stra\u00dfenr\u00e4ubern und Repressionen durch die Polizei ausgesetzt. Adjara, Emma, Sali und \u00adVishaa, zun\u00e4chst eher Konkurrentinnen, solidarisieren sich im Laufe der Reise und meistern so gemeinsam die vielen konfliktreichen Situationen und unterschiedlichen Formen von Gewalt. Doch die innere Anspannung w\u00e4chst, bis es zur Explosion kommt&#8230; Der Film, der durch westafrikanische L\u00e4nder f\u00fchrt, ist im Stil eines \u00adRoadmovies gedreht.<\/td>\n<\/tr>\n<tr>\n<td style=\"border-bottom: none;\">\n<p class=\"hide-if-no-js\"><a id=\"set-post-thumbnail\" class=\"thickbox\" title=\"Beitragsbild festlegen\" href=\"http:\/\/www.augen-blicke-afrika.de\/blog\/wp-admin\/media-upload.php?post_id=1368&amp;type=image&amp;TB_iframe=1\"><img loading=\"lazy\" decoding=\"async\" class=\"attachment-post-thumbnail alignleft\" src=\"http:\/\/www.augen-blicke-afrika.de\/blog\/wp-content\/uploads\/2017\/10\/2017-07-17-12-45-34_affiche_gr.jpg\" alt=\"FRONTI\u00c8RES\" width=\"191\" height=\"136\"><\/a><\/p>\n<p><strong>Apolline Traor\u00e9<\/strong>, geb. 1976 in Burkina Faso, kehrte &nbsp;2001 nach einem Kunst- und Filmstudium in den USA &nbsp;wieder zur\u00fcck in ihre Heimat. Dort arbeitet sie als Regisseurin und Filmautorin und produzierte mehrere Filme und Filmserien \u00fcber die Rolle der Frauen in Burkina Faso.<\/td>\n<\/tr>\n<\/tbody>\n<\/table>\n<p><iframe loading=\"lazy\" src=\"https:\/\/www.youtube.com\/embed\/Z5CGDt7cUEk\" allowfullscreen=\"allowfullscreen\" width=\"560\" height=\"315\" frameborder=\"0\"><\/iframe><\/p>\n","protected":false},"excerpt":{"rendered":"<p>FRONTI\u00c8RES Burkina Faso 2017, R.: Apolline Traor\u00e9, 90 Min., OF, engl. UT Vier Frauen reisen aus unterschiedlichen pers\u00f6nlichen Gr\u00fcnden auf dem Landweg von Senegal \u00fcber Mali, Burkina Faso, Benin bis in die Millionenmetropole Lagos in Nigeria. Auf der Tour sind &hellip; <a href=\"https:\/\/www.augen-blicke-afrika.de\/blog\/archiv\/archiv-2017\/filme-2017\/frontieres\/\">Weiterlesen <span class=\"meta-nav\">&rarr;<\/span><\/a><\/p>\n","protected":false},"author":3,"featured_media":5126,"parent":4179,"menu_order":0,"comment_status":"closed","ping_status":"closed","template":"afrika2017_oh.php","meta":{"footnotes":""},"class_list":["post-3564","page","type-page","status-publish","has-post-thumbnail","hentry"],"_links":{"self":[{"href":"https:\/\/www.augen-blicke-afrika.de\/blog\/wp-json\/wp\/v2\/pages\/3564","targetHints":{"allow":["GET"]}}],"collection":[{"href":"https:\/\/www.augen-blicke-afrika.de\/blog\/wp-json\/wp\/v2\/pages"}],"about":[{"href":"https:\/\/www.augen-blicke-afrika.de\/blog\/wp-json\/wp\/v2\/types\/page"}],"author":[{"embeddable":true,"href":"https:\/\/www.augen-blicke-afrika.de\/blog\/wp-json\/wp\/v2\/users\/3"}],"replies":[{"embeddable":true,"href":"https:\/\/www.augen-blicke-afrika.de\/blog\/wp-json\/wp\/v2\/comments?post=3564"}],"version-history":[{"count":4,"href":"https:\/\/www.augen-blicke-afrika.de\/blog\/wp-json\/wp\/v2\/pages\/3564\/revisions"}],"predecessor-version":[{"id":7027,"href":"https:\/\/www.augen-blicke-afrika.de\/blog\/wp-json\/wp\/v2\/pages\/3564\/revisions\/7027"}],"up":[{"embeddable":true,"href":"https:\/\/www.augen-blicke-afrika.de\/blog\/wp-json\/wp\/v2\/pages\/4179"}],"wp:featuredmedia":[{"embeddable":true,"href":"https:\/\/www.augen-blicke-afrika.de\/blog\/wp-json\/wp\/v2\/media\/5126"}],"wp:attachment":[{"href":"https:\/\/www.augen-blicke-afrika.de\/blog\/wp-json\/wp\/v2\/media?parent=3564"}],"curies":[{"name":"wp","href":"https:\/\/api.w.org\/{rel}","templated":true}]}}