{"id":3433,"date":"2017-10-09T16:17:54","date_gmt":"2017-10-09T14:17:54","guid":{"rendered":"http:\/\/www.augen-blicke-afrika.de\/blog\/?page_id=3433"},"modified":"2022-09-19T21:42:37","modified_gmt":"2022-09-19T19:42:37","slug":"eshtebak-clash","status":"publish","type":"page","link":"https:\/\/www.augen-blicke-afrika.de\/blog\/archiv\/archiv-2017\/filme-2017\/eshtebak-clash\/","title":{"rendered":"ESHTEBAK \u2013 Clash"},"content":{"rendered":"<table style=\"height: 356px;\" width=\"756\">\n<thead>\n<tr>\n<td>\n<p class=\"hide-if-no-js\"><a id=\"set-post-thumbnail\" class=\"thickbox\" title=\"Beitragsbild festlegen\" href=\"http:\/\/www.augen-blicke-afrika.de\/blog\/wp-admin\/media-upload.php?post_id=1368&amp;type=image&amp;TB_iframe=1\"><img loading=\"lazy\" decoding=\"async\" class=\"attachment-post-thumbnail alignnone\" src=\"http:\/\/www.augen-blicke-afrika.de\/blog\/wp-content\/uploads\/2017\/10\/clash6_tousdroitsreserves.jpg\" alt=\"ESHTEBAK \u2013 Clash\" width=\"573\" height=\"340\"><\/a><\/p>\n<h1>ESHTEBAK \u2013 Clash<\/h1>\n<h3>\u00c4gypten \/ Frankreich \/ Deutschland 2016, R.: Mohamed Diab, 98 Min., arab. OF, dt. UT<\/h3>\n<\/td>\n<\/tr>\n<\/thead>\n<tbody>\n<tr>\n<td>Der \u201earabische Fr\u00fchling\u201c 2011 weckte Hoffnungen auf demokratische Prozesse in \u00c4gypten. Doch es kam anders. An einem Tag im Sommer 2013 versammeln sich viele Mitglieder der Muslim-Br\u00fcderschaft auf den Stra\u00dfen, um gegen die Absetzung ihres gew\u00e4hlten Pr\u00e4sidenten Mohamed Mursi durch das Milit\u00e4r zu protestieren. Mit massiver Gewalt gehen Polizei und Soldaten gegen die Demonstranten vor. Im vergitterten Polizeitransporter landen verhaftete M\u00e4nner, Frauen und Kinder &#8211; Bef\u00fcrworter, aber auch Gegner der Muslim-Br\u00fcderschaft. Auf nur wenigen Quadratmetern zusammengepfercht treffen unterschiedlichste politische Ansichten und religi\u00f6se Meinungen aufeinander. Die Stimmung ist aufgeheizt. Durch die Gitterst\u00e4be verfolgen die Gefangenen den immer mehr eskalierenden Stra\u00dfenkampf. Aber auch sie sind nicht gesch\u00fctzt vor Tr\u00e4nengas und Gewehrsalven. \u201eClash\u201c ist ein dokumentarisch anmutender spannender, aufwendig gedrehter Film, der die damalige reale politische Situation in \u00c4gypten aufgreift und komprimiert in eine aktionsreich filmische Handlung umsetzt.<\/td>\n<\/tr>\n<tr>\n<td style=\"border-bottom: none;\">\n<p class=\"hide-if-no-js\"><a id=\"set-post-thumbnail\" class=\"thickbox\" title=\"Beitragsbild festlegen\" href=\"http:\/\/www.augen-blicke-afrika.de\/blog\/wp-admin\/media-upload.php?post_id=1368&amp;type=image&amp;TB_iframe=1\"><img loading=\"lazy\" decoding=\"async\" class=\"attachment-post-thumbnail alignleft\" src=\"http:\/\/www.augen-blicke-afrika.de\/blog\/wp-content\/uploads\/2017\/10\/Clash.jpg\" alt=\"ESHTEBAK \u2013 Clash\" width=\"191\" height=\"136\"><\/a><\/p>\n<p><strong>Mohamed Diab<\/strong>, geb. 1978 in \u00c4gypten, studierte an der New Yorker Filmakademie. Er ist Regisseur und Drehbuchautor. Auseinandersetzungen innerhalb der \u00e4gyptischen Gesellschaft sind Schwerpunkt seiner \u00adArbeiten. \u201eClash\u201c ist sein zweiter Spielfilm.<\/td>\n<\/tr>\n<\/tbody>\n<\/table>\n<p><iframe loading=\"lazy\" src=\"https:\/\/www.youtube.com\/embed\/VNyaWJuTRWw\" allowfullscreen=\"allowfullscreen\" width=\"560\" height=\"315\" frameborder=\"0\"><\/iframe><\/p>\n","protected":false},"excerpt":{"rendered":"<p>ESHTEBAK \u2013 Clash \u00c4gypten \/ Frankreich \/ Deutschland 2016, R.: Mohamed Diab, 98 Min., arab. OF, dt. UT Der \u201earabische Fr\u00fchling\u201c 2011 weckte Hoffnungen auf demokratische Prozesse in \u00c4gypten. Doch es kam anders. An einem Tag im Sommer 2013 versammeln &hellip; <a href=\"https:\/\/www.augen-blicke-afrika.de\/blog\/archiv\/archiv-2017\/filme-2017\/eshtebak-clash\/\">Weiterlesen <span class=\"meta-nav\">&rarr;<\/span><\/a><\/p>\n","protected":false},"author":3,"featured_media":5126,"parent":4179,"menu_order":0,"comment_status":"closed","ping_status":"closed","template":"afrika2017_oh.php","meta":{"footnotes":""},"class_list":["post-3433","page","type-page","status-publish","has-post-thumbnail","hentry"],"_links":{"self":[{"href":"https:\/\/www.augen-blicke-afrika.de\/blog\/wp-json\/wp\/v2\/pages\/3433","targetHints":{"allow":["GET"]}}],"collection":[{"href":"https:\/\/www.augen-blicke-afrika.de\/blog\/wp-json\/wp\/v2\/pages"}],"about":[{"href":"https:\/\/www.augen-blicke-afrika.de\/blog\/wp-json\/wp\/v2\/types\/page"}],"author":[{"embeddable":true,"href":"https:\/\/www.augen-blicke-afrika.de\/blog\/wp-json\/wp\/v2\/users\/3"}],"replies":[{"embeddable":true,"href":"https:\/\/www.augen-blicke-afrika.de\/blog\/wp-json\/wp\/v2\/comments?post=3433"}],"version-history":[{"count":4,"href":"https:\/\/www.augen-blicke-afrika.de\/blog\/wp-json\/wp\/v2\/pages\/3433\/revisions"}],"predecessor-version":[{"id":7023,"href":"https:\/\/www.augen-blicke-afrika.de\/blog\/wp-json\/wp\/v2\/pages\/3433\/revisions\/7023"}],"up":[{"embeddable":true,"href":"https:\/\/www.augen-blicke-afrika.de\/blog\/wp-json\/wp\/v2\/pages\/4179"}],"wp:featuredmedia":[{"embeddable":true,"href":"https:\/\/www.augen-blicke-afrika.de\/blog\/wp-json\/wp\/v2\/media\/5126"}],"wp:attachment":[{"href":"https:\/\/www.augen-blicke-afrika.de\/blog\/wp-json\/wp\/v2\/media?parent=3433"}],"curies":[{"name":"wp","href":"https:\/\/api.w.org\/{rel}","templated":true}]}}