{"id":2480,"date":"2015-10-01T10:57:27","date_gmt":"2015-10-01T08:57:27","guid":{"rendered":"http:\/\/www.augen-blicke-afrika.de\/blog\/?page_id=2480"},"modified":"2022-09-18T17:49:29","modified_gmt":"2022-09-18T15:49:29","slug":"grusswort","status":"publish","type":"page","link":"https:\/\/www.augen-blicke-afrika.de\/blog\/archiv\/archiv-2015\/grusswort\/","title":{"rendered":"Gru\u00dfwort"},"content":{"rendered":"<h1>Gru\u00dfwort<\/h1>\n<p><a href=\"http:\/\/www.augen-blicke-afrika.de\/blog\/wp-content\/uploads\/2015\/10\/Dani.jpg\"><img loading=\"lazy\" decoding=\"async\" class=\"wp-image-2483 alignleft\" src=\"http:\/\/www.augen-blicke-afrika.de\/blog\/wp-content\/uploads\/2015\/10\/Dani.jpg\" alt=\"Dani\" width=\"159\" height=\"219\"><\/a><strong>Eines Tages fragte ein Kind seinen Gro\u00dfvater: \u201eWarum ist es in den M\u00e4rchen immer so, dass der J\u00e4ger den L\u00f6wen \u00adbesiegt?\u201c Der alte Mann antwortete ohne zu z\u00f6gern: \u201eWeil es der J\u00e4ger ist, der diese M\u00e4rchen erz\u00e4hlt. Wenn der L\u00f6we seine \u00adGeschichten erz\u00e4hlen w\u00fcrde, w\u00fcrde er auch gewinnen\u201d.<\/strong><\/p>\n<p>Die Geschichte Afrikas ist wie die des L\u00f6wen. Machen Sie den Test: Stellen Sie den Europ\u00e4ern folgende Frage: \u201eWenn Sie das Wort Afrika h\u00f6ren, was kommt Ihnen sofort in den Sinn?\u201c Mit \u00adSicherheit werden Krieg, Hungersn\u00f6te, Epidemien, Diktaturen, Fl\u00fcchtlinge genannt \u2013 nichts Positives, nichts Erfreuliches.<br \/>\nDas ist das Bild, das von den westlichen Medien transportiert wird. Dennoch hat auch Afrika seine sch\u00f6nen Geschichten, das Lachen, die Hoffnung, Solidarit\u00e4t und Gro\u00df\u00adz\u00fcgigkeit. Kennen Sie die \u201eCharta der Mandingo\u201c, die Deklaration der Menschenrechte des Mandingo-Reiches in Westafrika aus dem 13. Jahrhundert, die schon 500 Jahre vor der westlichen Erkl\u00e4rung der Menschenrechte existierte?<br \/>\nKennen Sie das \u201eUbuntu\u201c &#8211; eine Bantu-Weisheit, die jeden Menschen daran erinnert, dass er nichts ist ohne die anderen? Wussten Sie, dass sich Nelson Mandela und seine \u00adGef\u00e4hrten auf diese afrikanische Weisheit berufen haben, um die Schwarzen und die Wei\u00dfen dazu zu bringen, sich nach so vielen Jahren des Hasses in S\u00fcdafrika zu umarmen?<br \/>\nAfrika hat der Menschheit noch vieles zu geben, wenn man nur endlich zuh\u00f6ren w\u00fcrde und aufh\u00f6ren w\u00fcrde, die Geschichte Afrikas aus westlicher Sicht zu erz\u00e4hlen.<br \/>\nDer franz\u00f6sische Fu\u00dfballer Lilian Thuram von den Antillen sagte: \u201eWenn wir unsere \u00adGesellschaften \u00e4ndern und gegen den Rassismus k\u00e4mpfen wollen, m\u00fcssen wir zun\u00e4chst daran arbeiten, unsere eigenen Vorstellungen und Trugbilder zu ver\u00e4ndern.\u201c<br \/>\nDas Kino ist ein idealer Ort f\u00fcr diese Arbeit, Filme sind die besten \u00dcbermittler von Tr\u00e4umen.<br \/>\nUnd euer Festival \u201eAugen Blicke Afrika\u201c erm\u00f6glicht es, dass die Afrikaner ihre Geschichte und Geschichten mit eigener Stimme erz\u00e4hlen k\u00f6nnen.<br \/>\nIch bin gl\u00fccklich \u00fcber die M\u00f6glichkeit, meine Filme dem Hamburger Publikum zu zeigen, um mit den Zuschauern in einen Dialog zu treten.<br \/>\nIch danke den Festivalmachern f\u00fcr die Ehre, f\u00fcr 2015 die Schirmherrschaft aus\u00fcben zu d\u00fcrfen.<br \/>\nEin sch\u00f6nes Festival!<br \/>\n<img loading=\"lazy\" decoding=\"async\" style=\"border: none;\" src=\"http:\/\/www.augen-blicke-afrika.de\/blog\/wp-content\/uploads\/2015\/10\/signature-dani-2.png\" alt=\"signature-dani-2\" width=\"226\" height=\"109\"><\/p>\n","protected":false},"excerpt":{"rendered":"<p>Gru\u00dfwort Eines Tages fragte ein Kind seinen Gro\u00dfvater: \u201eWarum ist es in den M\u00e4rchen immer so, dass der J\u00e4ger den L\u00f6wen \u00adbesiegt?\u201c Der alte Mann antwortete ohne zu z\u00f6gern: \u201eWeil es der J\u00e4ger ist, der diese M\u00e4rchen erz\u00e4hlt. Wenn der &hellip; <a href=\"https:\/\/www.augen-blicke-afrika.de\/blog\/archiv\/archiv-2015\/grusswort\/\">Weiterlesen <span class=\"meta-nav\">&rarr;<\/span><\/a><\/p>\n","protected":false},"author":3,"featured_media":2073,"parent":4181,"menu_order":0,"comment_status":"open","ping_status":"closed","template":"afrika2015.php","meta":{"footnotes":""},"class_list":["post-2480","page","type-page","status-publish","has-post-thumbnail","hentry"],"_links":{"self":[{"href":"https:\/\/www.augen-blicke-afrika.de\/blog\/wp-json\/wp\/v2\/pages\/2480","targetHints":{"allow":["GET"]}}],"collection":[{"href":"https:\/\/www.augen-blicke-afrika.de\/blog\/wp-json\/wp\/v2\/pages"}],"about":[{"href":"https:\/\/www.augen-blicke-afrika.de\/blog\/wp-json\/wp\/v2\/types\/page"}],"author":[{"embeddable":true,"href":"https:\/\/www.augen-blicke-afrika.de\/blog\/wp-json\/wp\/v2\/users\/3"}],"replies":[{"embeddable":true,"href":"https:\/\/www.augen-blicke-afrika.de\/blog\/wp-json\/wp\/v2\/comments?post=2480"}],"version-history":[{"count":12,"href":"https:\/\/www.augen-blicke-afrika.de\/blog\/wp-json\/wp\/v2\/pages\/2480\/revisions"}],"predecessor-version":[{"id":6904,"href":"https:\/\/www.augen-blicke-afrika.de\/blog\/wp-json\/wp\/v2\/pages\/2480\/revisions\/6904"}],"up":[{"embeddable":true,"href":"https:\/\/www.augen-blicke-afrika.de\/blog\/wp-json\/wp\/v2\/pages\/4181"}],"wp:featuredmedia":[{"embeddable":true,"href":"https:\/\/www.augen-blicke-afrika.de\/blog\/wp-json\/wp\/v2\/media\/2073"}],"wp:attachment":[{"href":"https:\/\/www.augen-blicke-afrika.de\/blog\/wp-json\/wp\/v2\/media?parent=2480"}],"curies":[{"name":"wp","href":"https:\/\/api.w.org\/{rel}","templated":true}]}}