{"id":4842,"date":"2019-10-15T15:25:54","date_gmt":"2019-10-15T13:25:54","guid":{"rendered":"http:\/\/www.augen-blicke-afrika.de\/blog\/?page_id=4842"},"modified":"2022-09-18T17:27:47","modified_gmt":"2022-09-18T15:27:47","slug":"fig-tree","status":"publish","type":"page","link":"http:\/\/www.augen-blicke-afrika.de\/blog\/programm-2019\/filme-2019\/fig-tree\/","title":{"rendered":"FIG TREE"},"content":{"rendered":"<table style=\"height: 356px;\" width=\"100%\">\n<thead>\n<tr>\n<td>\n<p class=\"hide-if-no-js\"><a href=\"http:\/\/www.augen-blicke-afrika.de\/blog\/wp-content\/uploads\/2019\/10\/Fig-tree-still.jpg\"><img loading=\"lazy\" decoding=\"async\" class=\"alignnone wp-image-4851 size-full\" src=\"http:\/\/www.augen-blicke-afrika.de\/blog\/wp-content\/uploads\/2019\/10\/Fig-tree-still-e1571144180709.jpg\" width=\"1200\" height=\"675\" srcset=\"http:\/\/www.augen-blicke-afrika.de\/blog\/wp-content\/uploads\/2019\/10\/Fig-tree-still-e1571144180709.jpg 1200w, http:\/\/www.augen-blicke-afrika.de\/blog\/wp-content\/uploads\/2019\/10\/Fig-tree-still-e1571144180709-300x169.jpg 300w, http:\/\/www.augen-blicke-afrika.de\/blog\/wp-content\/uploads\/2019\/10\/Fig-tree-still-e1571144180709-768x432.jpg 768w, http:\/\/www.augen-blicke-afrika.de\/blog\/wp-content\/uploads\/2019\/10\/Fig-tree-still-e1571144180709-1024x576.jpg 1024w, http:\/\/www.augen-blicke-afrika.de\/blog\/wp-content\/uploads\/2019\/10\/Fig-tree-still-e1571144180709-500x281.jpg 500w\" sizes=\"auto, (max-width: 1200px) 100vw, 1200px\" \/><\/a><\/p>\n<h1>FIG TREE<\/h1>\n<h3>\u00c4thiopien \/ Israel 2018, R.: A\u00e4l\u00e4m-W\u00e4rqe Davidian, 93 Min., OF, engl. UT<\/h3>\n<\/td>\n<\/tr>\n<\/thead>\n<tbody>\n<tr>\n<td>Es tobt ein B\u00fcrgerkrieg in \u00c4thiopien Ende der achtziger Jahre. Besonders die j\u00fcdische Bev\u00f6lkerung lebt gef\u00e4hrlich, auch die Familie der sechzehnj\u00e4hrigen Mina ist betroffen. Ihre Mutter ist schon vor l\u00e4ngerer Zeit nach Israel ausgewandert, sie ist mit ihrer Gro\u00dfmutter zur\u00fcckgeblieben. In dem Haushalt ist auch Eli aufgewachsen, ein Christ.<br \/>\nBeide Jugendlichen haben sich ineinander verliebt, verbringen m\u00f6glichst viel unbeschwerte Zeit unter ihrem Lieblingsbaum. Eines Tages h\u00e4ngt an einem Ast ein beinamputierter Soldat. Die Jugendlichen bringen alles auf, um ihn zu retten. Aber er zeigt keine Dankbarkeit und zum ersten Mal nehmen die beiden Jugendlichen die Folgen des Krieges hautnah wahr. Und dann \u00fcberschlagen sich die Ereignisse: Mina bekommt mit, dass die Finanzierung ihrer Ausreise gesichert ist, und das Milit\u00e4r jagt junge M\u00e4nner, um sie in den Krieg zu schicken. Eli muss sich verstecken und Mina versucht verzweifelt, ihre gro\u00dfe Liebe nach Israel mitzunehmen.<\/td>\n<\/tr>\n<tr>\n<td style=\"border-bottom: none;\">\n<p><strong><a href=\"http:\/\/www.augen-blicke-afrika.de\/blog\/wp-content\/uploads\/2019\/10\/Fig-tree-poster.jpg\"><img loading=\"lazy\" decoding=\"async\" class=\"wp-image-4850 size-medium alignleft\" src=\"http:\/\/www.augen-blicke-afrika.de\/blog\/wp-content\/uploads\/2019\/10\/Fig-tree-poster-214x300.jpg\" width=\"214\" height=\"300\" srcset=\"http:\/\/www.augen-blicke-afrika.de\/blog\/wp-content\/uploads\/2019\/10\/Fig-tree-poster-214x300.jpg 214w, http:\/\/www.augen-blicke-afrika.de\/blog\/wp-content\/uploads\/2019\/10\/Fig-tree-poster-768x1074.jpg 768w, http:\/\/www.augen-blicke-afrika.de\/blog\/wp-content\/uploads\/2019\/10\/Fig-tree-poster-732x1024.jpg 732w\" sizes=\"auto, (max-width: 214px) 100vw, 214px\" \/><\/a><\/strong><\/p>\n<p>Dieser Anti-Kriegsfilm basiert auf den Kindheitserinnerungen der jungen Regisseurin.<br \/>\n<strong>A\u00e4l\u00e4m-W\u00e4rqe Davidian,<\/strong> geb. in \u00c4thiopien, ist Drehbuchautorin und Regisseurin.<br \/>\nNach einigen Kurzfilmen ist \u201eFig Tree\u201c ihr Langfilmdeb\u00fct. F\u00fcr diesen Coming-of-Age-Film wurde sie beim Toronto International Filmfestival 2018 als beste weibliche \u00adRegisseurin ausgezeichnet.<\/td>\n<\/tr>\n<\/tbody>\n<\/table>\n<p><iframe loading=\"lazy\" src=\"https:\/\/www.youtube.com\/embed\/wTlNa1jiQYw\" allowfullscreen=\"allowfullscreen\" width=\"560\" height=\"315\" frameborder=\"0\"><\/iframe><\/p>\n","protected":false},"excerpt":{"rendered":"<p>FIG TREE \u00c4thiopien \/ Israel 2018, R.: A\u00e4l\u00e4m-W\u00e4rqe Davidian, 93 Min., OF, engl. UT Es tobt ein B\u00fcrgerkrieg in \u00c4thiopien Ende der achtziger Jahre. Besonders die j\u00fcdische Bev\u00f6lkerung lebt gef\u00e4hrlich, auch die Familie der sechzehnj\u00e4hrigen Mina ist betroffen. Ihre Mutter &hellip; <a href=\"http:\/\/www.augen-blicke-afrika.de\/blog\/programm-2019\/filme-2019\/fig-tree\/\">Weiterlesen <span class=\"meta-nav\">&rarr;<\/span><\/a><\/p>\n","protected":false},"author":3,"featured_media":5126,"parent":5054,"menu_order":0,"comment_status":"closed","ping_status":"closed","template":"afrika2019_oh.php","meta":{"footnotes":""},"class_list":["post-4842","page","type-page","status-publish","has-post-thumbnail","hentry"],"_links":{"self":[{"href":"http:\/\/www.augen-blicke-afrika.de\/blog\/wp-json\/wp\/v2\/pages\/4842","targetHints":{"allow":["GET"]}}],"collection":[{"href":"http:\/\/www.augen-blicke-afrika.de\/blog\/wp-json\/wp\/v2\/pages"}],"about":[{"href":"http:\/\/www.augen-blicke-afrika.de\/blog\/wp-json\/wp\/v2\/types\/page"}],"author":[{"embeddable":true,"href":"http:\/\/www.augen-blicke-afrika.de\/blog\/wp-json\/wp\/v2\/users\/3"}],"replies":[{"embeddable":true,"href":"http:\/\/www.augen-blicke-afrika.de\/blog\/wp-json\/wp\/v2\/comments?post=4842"}],"version-history":[{"count":4,"href":"http:\/\/www.augen-blicke-afrika.de\/blog\/wp-json\/wp\/v2\/pages\/4842\/revisions"}],"predecessor-version":[{"id":6876,"href":"http:\/\/www.augen-blicke-afrika.de\/blog\/wp-json\/wp\/v2\/pages\/4842\/revisions\/6876"}],"up":[{"embeddable":true,"href":"http:\/\/www.augen-blicke-afrika.de\/blog\/wp-json\/wp\/v2\/pages\/5054"}],"wp:featuredmedia":[{"embeddable":true,"href":"http:\/\/www.augen-blicke-afrika.de\/blog\/wp-json\/wp\/v2\/media\/5126"}],"wp:attachment":[{"href":"http:\/\/www.augen-blicke-afrika.de\/blog\/wp-json\/wp\/v2\/media?parent=4842"}],"curies":[{"name":"wp","href":"https:\/\/api.w.org\/{rel}","templated":true}]}}