{"id":3286,"date":"2016-11-09T14:56:39","date_gmt":"2016-11-09T13:56:39","guid":{"rendered":"http:\/\/www.augen-blicke-afrika.de\/blog\/?page_id=3286"},"modified":"2023-09-03T18:04:56","modified_gmt":"2023-09-03T16:04:56","slug":"nachlese-2","status":"publish","type":"page","link":"http:\/\/www.augen-blicke-afrika.de\/blog\/archiv\/archiv-2016\/nachlese-2\/","title":{"rendered":"Nachlese"},"content":{"rendered":"<h1 style=\"text-align: center;\"><strong><a href=\"http:\/\/www.augen-blicke-afrika.de\/blog\/wp-content\/uploads\/2016\/11\/Poster16.jpg\"><img loading=\"lazy\" decoding=\"async\" class=\"size-large wp-image-3302 aligncenter\" src=\"http:\/\/www.augen-blicke-afrika.de\/blog\/wp-content\/uploads\/2016\/11\/Poster16-1024x796.jpg\" alt=\"Nachlese16\" width=\"584\" height=\"454\" srcset=\"http:\/\/www.augen-blicke-afrika.de\/blog\/wp-content\/uploads\/2016\/11\/Poster16-1024x796.jpg 1024w, http:\/\/www.augen-blicke-afrika.de\/blog\/wp-content\/uploads\/2016\/11\/Poster16-300x233.jpg 300w, http:\/\/www.augen-blicke-afrika.de\/blog\/wp-content\/uploads\/2016\/11\/Poster16-768x597.jpg 768w, http:\/\/www.augen-blicke-afrika.de\/blog\/wp-content\/uploads\/2016\/11\/Poster16-386x300.jpg 386w, http:\/\/www.augen-blicke-afrika.de\/blog\/wp-content\/uploads\/2016\/11\/Poster16-900x700.jpg 900w, http:\/\/www.augen-blicke-afrika.de\/blog\/wp-content\/uploads\/2016\/11\/Poster16.jpg 1080w\" sizes=\"auto, (max-width: 584px) 100vw, 584px\" \/><\/a><\/strong><\/h1>\n<p style=\"text-align: center;\">Liebe Freunde und Freundinnen afrikanischer Kultur,<\/p>\n<p style=\"text-align: center;\">unser nun schon 5. afrikanisches Filmfestivals <strong>AUGEN BLICKE AFRIKA<\/strong> ist mit spannenden Vorf\u00fchrungen und Diskussionen mit den eingeladenen G\u00e4sten gro\u00dfartig verlaufen.<\/p>\n<p style=\"text-align: center;\"><a href=\"http:\/\/www.augen-blicke-afrika.de\/blog\/wp-content\/uploads\/2016\/11\/plakatieren1-3.jpg\"><img loading=\"lazy\" decoding=\"async\" class=\"size-full wp-image-3303 aligncenter\" src=\"http:\/\/www.augen-blicke-afrika.de\/blog\/wp-content\/uploads\/2016\/11\/plakatieren1-3.jpg\" alt=\"plakatieren1-3\" width=\"320\" height=\"240\" srcset=\"http:\/\/www.augen-blicke-afrika.de\/blog\/wp-content\/uploads\/2016\/11\/plakatieren1-3.jpg 320w, http:\/\/www.augen-blicke-afrika.de\/blog\/wp-content\/uploads\/2016\/11\/plakatieren1-3-300x225.jpg 300w\" sizes=\"auto, (max-width: 320px) 100vw, 320px\" \/><\/a><a href=\"http:\/\/www.augen-blicke-afrika.de\/blog\/wp-content\/uploads\/2016\/11\/plakatieren2-3.jpg\"><img loading=\"lazy\" decoding=\"async\" class=\"size-full wp-image-3304 aligncenter\" src=\"http:\/\/www.augen-blicke-afrika.de\/blog\/wp-content\/uploads\/2016\/11\/plakatieren2-3.jpg\" alt=\"plakatieren2-3\" width=\"240\" height=\"320\" srcset=\"http:\/\/www.augen-blicke-afrika.de\/blog\/wp-content\/uploads\/2016\/11\/plakatieren2-3.jpg 240w, http:\/\/www.augen-blicke-afrika.de\/blog\/wp-content\/uploads\/2016\/11\/plakatieren2-3-225x300.jpg 225w\" sizes=\"auto, (max-width: 240px) 100vw, 240px\" \/><\/a><\/p>\n<p style=\"text-align: center;\"><a href=\"http:\/\/www.augen-blicke-afrika.de\/blog\/wp-content\/uploads\/2016\/11\/plakatieren3-3.jpg\"><img loading=\"lazy\" decoding=\"async\" class=\"size-full wp-image-3305 aligncenter\" src=\"http:\/\/www.augen-blicke-afrika.de\/blog\/wp-content\/uploads\/2016\/11\/plakatieren3-3.jpg\" alt=\"plakatieren3-3\" width=\"320\" height=\"240\" srcset=\"http:\/\/www.augen-blicke-afrika.de\/blog\/wp-content\/uploads\/2016\/11\/plakatieren3-3.jpg 320w, http:\/\/www.augen-blicke-afrika.de\/blog\/wp-content\/uploads\/2016\/11\/plakatieren3-3-300x225.jpg 300w\" sizes=\"auto, (max-width: 320px) 100vw, 320px\" \/><\/a><\/p>\n<p style=\"text-align: center;\">Zu unserm diesj\u00e4hrigen Schwerpunkt <strong>\u201eFrauen im afrikanischen Kino\u201c<\/strong> konnten wir f\u00fcnf Filmemacherinnen aus allen Teilen des afrikanischen Kontinents einladen. Unter den 32 Spiel-, Dokumentar- und Kurzfilmen des Festivals&nbsp; aus 17 L\u00e4ndern waren Filme von Frauen zur H\u00e4lfte vertreten.<\/p>\n<p style=\"text-align: center;\">Bei der Vorbereitung wurden wir bei der Auswahl tatkr\u00e4ftig vom Verein FilmInitiativ K\u00f6ln unterst\u00fctzt, der viele der gezeigten Filme auf deutsch untertiteln konnte im Projekt &#8220;Sisters in African Cinema&#8221;, gef\u00f6rdert von der Kulturstiftung des Bundes.<\/p>\n<p style=\"text-align: center;\"><strong>Er\u00f6ffnung<\/strong><\/p>\n<p style=\"text-align: center;\"><a href=\"http:\/\/www.augen-blicke-afrika.de\/blog\/wp-content\/uploads\/2016\/11\/UnserTeam16.jpg\"><img loading=\"lazy\" decoding=\"async\" class=\"size-full wp-image-3308 aligncenter\" src=\"http:\/\/www.augen-blicke-afrika.de\/blog\/wp-content\/uploads\/2016\/11\/UnserTeam16.jpg\" alt=\"UnserTeam16\" width=\"320\" height=\"180\" srcset=\"http:\/\/www.augen-blicke-afrika.de\/blog\/wp-content\/uploads\/2016\/11\/UnserTeam16.jpg 320w, http:\/\/www.augen-blicke-afrika.de\/blog\/wp-content\/uploads\/2016\/11\/UnserTeam16-300x169.jpg 300w\" sizes=\"auto, (max-width: 320px) 100vw, 320px\" \/><\/a><\/p>\n<p style=\"text-align: center;\">(Unser Team 2016)<\/p>\n<p style=\"text-align: center;\"><a href=\"http:\/\/www.augen-blicke-afrika.de\/blog\/wp-content\/uploads\/2016\/11\/WernichGerlichHeinrich16.jpg\"><img loading=\"lazy\" decoding=\"async\" class=\"size-large wp-image-3309 aligncenter\" src=\"http:\/\/www.augen-blicke-afrika.de\/blog\/wp-content\/uploads\/2016\/11\/WernichGerlichHeinrich16-1024x933.jpg\" alt=\"WernichGerlichHeinrich16\" width=\"584\" height=\"532\" srcset=\"http:\/\/www.augen-blicke-afrika.de\/blog\/wp-content\/uploads\/2016\/11\/WernichGerlichHeinrich16-1024x933.jpg 1024w, http:\/\/www.augen-blicke-afrika.de\/blog\/wp-content\/uploads\/2016\/11\/WernichGerlichHeinrich16-300x273.jpg 300w, http:\/\/www.augen-blicke-afrika.de\/blog\/wp-content\/uploads\/2016\/11\/WernichGerlichHeinrich16-768x699.jpg 768w, http:\/\/www.augen-blicke-afrika.de\/blog\/wp-content\/uploads\/2016\/11\/WernichGerlichHeinrich16-329x300.jpg 329w, http:\/\/www.augen-blicke-afrika.de\/blog\/wp-content\/uploads\/2016\/11\/WernichGerlichHeinrich16-900x820.jpg 900w\" sizes=\"auto, (max-width: 584px) 100vw, 584px\" \/><\/a><\/p>\n<p style=\"text-align: center;\">(Ingrid Wernich, Schirmfrau Sylvaina Gerlich und Hans-J\u00f6rg Heinrich)<\/p>\n<p style=\"text-align: center;\"><a href=\"http:\/\/www.augen-blicke-afrika.de\/blog\/wp-content\/uploads\/2016\/11\/LeberUndStammg\u00e4ste16.jpg\"><img loading=\"lazy\" decoding=\"async\" class=\"size-full wp-image-3307 aligncenter\" src=\"http:\/\/www.augen-blicke-afrika.de\/blog\/wp-content\/uploads\/2016\/11\/LeberUndStammg\u00e4ste16.jpg\" alt=\"LeberUndStammg\u00e4ste16\" width=\"320\" height=\"180\" srcset=\"http:\/\/www.augen-blicke-afrika.de\/blog\/wp-content\/uploads\/2016\/11\/LeberUndStammg\u00e4ste16.jpg 320w, http:\/\/www.augen-blicke-afrika.de\/blog\/wp-content\/uploads\/2016\/11\/LeberUndStammg\u00e4ste16-300x169.jpg 300w\" sizes=\"auto, (max-width: 320px) 100vw, 320px\" \/><\/a><\/p>\n<p style=\"text-align: center;\">(Burkhard Leber mit zwei unserer \u00e4ltesten Stammg\u00e4ste)<\/p>\n<p style=\"text-align: center;\"><a href=\"http:\/\/www.augen-blicke-afrika.de\/blog\/wp-content\/uploads\/2016\/11\/EingangsbereichVoll16.jpg\"><img loading=\"lazy\" decoding=\"async\" class=\"size-full wp-image-3306 aligncenter\" src=\"http:\/\/www.augen-blicke-afrika.de\/blog\/wp-content\/uploads\/2016\/11\/EingangsbereichVoll16.jpg\" alt=\"EingangsbereichVoll16\" width=\"320\" height=\"180\" srcset=\"http:\/\/www.augen-blicke-afrika.de\/blog\/wp-content\/uploads\/2016\/11\/EingangsbereichVoll16.jpg 320w, http:\/\/www.augen-blicke-afrika.de\/blog\/wp-content\/uploads\/2016\/11\/EingangsbereichVoll16-300x169.jpg 300w\" sizes=\"auto, (max-width: 320px) 100vw, 320px\" \/><\/a><\/p>\n<p style=\"text-align: center;\">(Der Eingangsbereich des Kinos kurz vor Einlass)<\/p>\n<p style=\"text-align: center;\">Unser <u>tunesischer <\/u>Er\u00f6ffnungsfilm <strong>&#8220;A PEINE J&#8217;OUVRE LES YEUX&#8221;<\/strong> von Leyla Bouzid steht programmatisch f\u00fcr den Schwerpunkt unseres Festivals und begeisterte das Publikum. Eine junge Frau will sich von ihren famili\u00e4ren und gesellschaftlichen Zw\u00e4ngen befreien und erf\u00e4hrt dabei auf schmezhafte Weise die repressiven Zw\u00e4nge von Familie und Staat.<\/p>\n<p style=\"text-align: center;\">Am Freitag zeigten wir im Rahmen &#8220;Der Kampf afrikanischer Frauen&nbsp;gegen legalisierte Vergewaltigung&#8221; zwei ergreifende Filme:<\/p>\n<p style=\"text-align: center;\"><strong>DIFRET &#8211;&nbsp;Das M\u00e4dchen Hirut&nbsp;<\/strong>von&nbsp;Zeresenay Berkane Mehari aus \u00c4thiopien. Der Film greift einen wahren Fall auf, der dank&nbsp;der Hartn\u00e4ckigkeit der Anw\u00e4ltin in \u00c4thiopien&nbsp;gro\u00dfes Aufsehen erregte&nbsp;und zum Wendepunkt f\u00fcr die Frauenrechte im Land wurde.<\/p>\n<p style=\"text-align: center;\">Zum zweiten Film: <strong>475: Break the Silence<\/strong> hatten wir die marokkanische Journalistin und Filmemacherin Hind Bensari zu Gast. Ihr Dokumentarfilm trug wesentlich zu einer breiten Diskussion in Marokko bei und f\u00fchrte dazu, dass Vergewaltigungsparagraf 475 zu gunsten der Frauen abgewandelt wurde.<\/p>\n<p style=\"text-align: center;\"><a href=\"http:\/\/www.augen-blicke-afrika.de\/blog\/wp-content\/uploads\/2016\/11\/BensariLandungsbr\u00fccken16.jpg\"><img loading=\"lazy\" decoding=\"async\" class=\"size-full wp-image-3310 aligncenter\" src=\"http:\/\/www.augen-blicke-afrika.de\/blog\/wp-content\/uploads\/2016\/11\/BensariLandungsbr\u00fccken16.jpg\" alt=\"BensariLandungsbr\u00fccken16\" width=\"320\" height=\"240\" srcset=\"http:\/\/www.augen-blicke-afrika.de\/blog\/wp-content\/uploads\/2016\/11\/BensariLandungsbr\u00fccken16.jpg 320w, http:\/\/www.augen-blicke-afrika.de\/blog\/wp-content\/uploads\/2016\/11\/BensariLandungsbr\u00fccken16-300x225.jpg 300w\" sizes=\"auto, (max-width: 320px) 100vw, 320px\" \/><\/a><\/p>\n<p style=\"text-align: center;\">(Hind Bensari an den Landungsbr\u00fccken)<\/p>\n<p style=\"text-align: center;\">Der beindruckende Dokumentarfilm <strong>&#8220;LIFE IS WAITING: Referendum&nbsp;and Resistance in Western Sahara&#8221;<\/strong>&nbsp;ruft einen fast vergessenen Kampf um Unabh\u00e4ngigkeit in&nbsp;Erinnerung &#8211; die leidvolle Geschichte der Sahrauis.<\/p>\n<p style=\"text-align: center;\">Dazu hatten wir Axel Goldau vom&nbsp;Westsahara-Informationsprojekt \/ ifak e.V zur Diskussion eingeladen.<\/p>\n<p style=\"text-align: center;\"><a href=\"http:\/\/www.augen-blicke-afrika.de\/blog\/wp-content\/uploads\/2016\/11\/LeeMitAktivisten16.jpg\"><img loading=\"lazy\" decoding=\"async\" class=\"size-full wp-image-3312 aligncenter\" src=\"http:\/\/www.augen-blicke-afrika.de\/blog\/wp-content\/uploads\/2016\/11\/LeeMitAktivisten16.jpg\" alt=\"LeeMitAktivisten16\" width=\"400\" height=\"225\" srcset=\"http:\/\/www.augen-blicke-afrika.de\/blog\/wp-content\/uploads\/2016\/11\/LeeMitAktivisten16.jpg 400w, http:\/\/www.augen-blicke-afrika.de\/blog\/wp-content\/uploads\/2016\/11\/LeeMitAktivisten16-300x169.jpg 300w\" sizes=\"auto, (max-width: 400px) 100vw, 400px\" \/><\/a><\/p>\n<p style=\"text-align: center;\">(Filmemacherin Ian Lee mit Aktivisten)<\/p>\n<p style=\"text-align: center;\"><a href=\"http:\/\/www.augen-blicke-afrika.de\/blog\/wp-content\/uploads\/2016\/11\/GoldauLeber16.jpg\"><img loading=\"lazy\" decoding=\"async\" class=\"size-full wp-image-3311 aligncenter\" src=\"http:\/\/www.augen-blicke-afrika.de\/blog\/wp-content\/uploads\/2016\/11\/GoldauLeber16.jpg\" alt=\"GoldauLeber16\" width=\"320\" height=\"240\" srcset=\"http:\/\/www.augen-blicke-afrika.de\/blog\/wp-content\/uploads\/2016\/11\/GoldauLeber16.jpg 320w, http:\/\/www.augen-blicke-afrika.de\/blog\/wp-content\/uploads\/2016\/11\/GoldauLeber16-300x225.jpg 300w\" sizes=\"auto, (max-width: 320px) 100vw, 320px\" \/><\/a><\/p>\n<p style=\"text-align: center;\">(Axel Goldau &amp; Burkhard Leber)<\/p>\n<p style=\"text-align: center;\"><a href=\"http:\/\/www.augen-blicke-afrika.de\/blog\/wp-content\/uploads\/2016\/11\/maliblues.jpg\"><img loading=\"lazy\" decoding=\"async\" class=\"size-full wp-image-3315 aligncenter\" src=\"http:\/\/www.augen-blicke-afrika.de\/blog\/wp-content\/uploads\/2016\/11\/maliblues.jpg\" alt=\"maliblues\" width=\"950\" height=\"318\" srcset=\"http:\/\/www.augen-blicke-afrika.de\/blog\/wp-content\/uploads\/2016\/11\/maliblues.jpg 950w, http:\/\/www.augen-blicke-afrika.de\/blog\/wp-content\/uploads\/2016\/11\/maliblues-300x100.jpg 300w, http:\/\/www.augen-blicke-afrika.de\/blog\/wp-content\/uploads\/2016\/11\/maliblues-768x257.jpg 768w, http:\/\/www.augen-blicke-afrika.de\/blog\/wp-content\/uploads\/2016\/11\/maliblues-500x167.jpg 500w, http:\/\/www.augen-blicke-afrika.de\/blog\/wp-content\/uploads\/2016\/11\/maliblues-900x301.jpg 900w\" sizes=\"auto, (max-width: 950px) 100vw, 950px\" \/><\/a><\/p>\n<p style=\"text-align: center;\">Der Film <strong>&#8220;Mali Blues&#8221; <\/strong>brachte erwartungsgem\u00e4\u00df einen ausverkauften Kinosaal. Der Dokumentarfilm erz\u00e4hlt von einer Musikerin und drei Musikern aus dem westafrikanischen <u>Mali, <\/u>die sich mit ihren sehr unterschiedlichen Musikstilen f\u00fcr einen toleranten Islam und ein Land in Frieden einsetzen.<\/p>\n<p style=\"text-align: center;\"><a href=\"http:\/\/www.augen-blicke-afrika.de\/blog\/wp-content\/uploads\/2016\/11\/mbSaal1-2.jpg\"><img loading=\"lazy\" decoding=\"async\" class=\"size-full wp-image-3316 aligncenter\" src=\"http:\/\/www.augen-blicke-afrika.de\/blog\/wp-content\/uploads\/2016\/11\/mbSaal1-2.jpg\" alt=\"mbSaal1-2\" width=\"320\" height=\"240\" srcset=\"http:\/\/www.augen-blicke-afrika.de\/blog\/wp-content\/uploads\/2016\/11\/mbSaal1-2.jpg 320w, http:\/\/www.augen-blicke-afrika.de\/blog\/wp-content\/uploads\/2016\/11\/mbSaal1-2-300x225.jpg 300w\" sizes=\"auto, (max-width: 320px) 100vw, 320px\" \/><\/a><a href=\"http:\/\/www.augen-blicke-afrika.de\/blog\/wp-content\/uploads\/2016\/11\/mbSaal2-2.jpg\"><img loading=\"lazy\" decoding=\"async\" class=\"size-full wp-image-3313 aligncenter\" src=\"http:\/\/www.augen-blicke-afrika.de\/blog\/wp-content\/uploads\/2016\/11\/mbSaal2-2.jpg\" alt=\"mbSaal2-2\" width=\"320\" height=\"240\" srcset=\"http:\/\/www.augen-blicke-afrika.de\/blog\/wp-content\/uploads\/2016\/11\/mbSaal2-2.jpg 320w, http:\/\/www.augen-blicke-afrika.de\/blog\/wp-content\/uploads\/2016\/11\/mbSaal2-2-300x225.jpg 300w\" sizes=\"auto, (max-width: 320px) 100vw, 320px\" \/><\/a><\/p>\n<p style=\"text-align: center;\">Zu unserem <strong>Kongo-Schwerpunkt<\/strong> zeigten wir den Film <strong>&#8220;WE WILL WIN PEACE&#8221;<\/strong>. Der Filmemacher&nbsp;Seth Chase geht in seinem Film der Frage nach, welche Auswirkungen die Forderungen der Friedensbewegung in den USA auf das Leben der Bergarbeiter im Kongo haben.<\/p>\n<p style=\"text-align: center;\">Der Dokumentarfilm: <strong>&#8220;The Tragedy of the Great Lakes&#8221;<\/strong> von Jihan El-Tahri gab einen guten \u00dcberblick \u00fcber die strategischen Schachz\u00fcge der regionalen, aber auch internationalen Politik- und Machtinteressen in der Region.<\/p>\n<p style=\"text-align: center;\"><a href=\"http:\/\/www.augen-blicke-afrika.de\/blog\/wp-content\/uploads\/2016\/11\/DiskussionAmnesty.jpg\"><img loading=\"lazy\" decoding=\"async\" class=\"size-full wp-image-3314 aligncenter\" src=\"http:\/\/www.augen-blicke-afrika.de\/blog\/wp-content\/uploads\/2016\/11\/DiskussionAmnesty.jpg\" alt=\"DiskussionAmnesty\" width=\"320\" height=\"180\" srcset=\"http:\/\/www.augen-blicke-afrika.de\/blog\/wp-content\/uploads\/2016\/11\/DiskussionAmnesty.jpg 320w, http:\/\/www.augen-blicke-afrika.de\/blog\/wp-content\/uploads\/2016\/11\/DiskussionAmnesty-300x169.jpg 300w\" sizes=\"auto, (max-width: 320px) 100vw, 320px\" \/><\/a><\/p>\n<p style=\"text-align: center;\">(Zur Diskussion hatten wir&nbsp;Mathias John von Amnesty Internationaund Sofia Warttmann, die Co-Produzentin des Films eingeladen)<\/p>\n<p style=\"text-align: center;\">In der zweiten Woche des Festivals gab es dann <strong>geballte Frauenpower<\/strong>.<\/p>\n<p style=\"text-align: center;\">Auf einer Podiumsdikussion sprachen drei Regisseurinnen aus S\u00fcdafrika, Tunesien und Burkina Faso \u00fcber ihre Rolle als afrikanische Filmemacherin.<\/p>\n<p style=\"text-align: center;\">Damit wollten wir den k\u00fcnstlerischen Aufbruch von Frauen im afrikanischen Kino thematisieren mit dem Ziel, den eurozentrischen Blick auf Frauen in Afrika aufzubrechen. Die Diskussion wurde sehr leidenschaftlich und inhaltlich spannend gef\u00fchrt und von Kirsten Maas-Albert (Head of the African Section, Heinrich B\u00f6ll&nbsp;Foundation Berlin) kompetent moderiert. Die Diskussion wird bald auf facebook und auf unserer homepage ver\u00f6ffentlicht werden.<\/p>\n<p style=\"text-align: center;\">&nbsp; <a href=\"http:\/\/www.augen-blicke-afrika.de\/blog\/wp-content\/uploads\/2016\/11\/frauenpower1.jpg\"><img loading=\"lazy\" decoding=\"async\" class=\"size-large wp-image-3319 aligncenter\" src=\"http:\/\/www.augen-blicke-afrika.de\/blog\/wp-content\/uploads\/2016\/11\/frauenpower1-1024x576.jpg\" alt=\"frauenpower1\" width=\"584\" height=\"329\" srcset=\"http:\/\/www.augen-blicke-afrika.de\/blog\/wp-content\/uploads\/2016\/11\/frauenpower1-1024x576.jpg 1024w, http:\/\/www.augen-blicke-afrika.de\/blog\/wp-content\/uploads\/2016\/11\/frauenpower1-300x169.jpg 300w, http:\/\/www.augen-blicke-afrika.de\/blog\/wp-content\/uploads\/2016\/11\/frauenpower1-768x432.jpg 768w, http:\/\/www.augen-blicke-afrika.de\/blog\/wp-content\/uploads\/2016\/11\/frauenpower1-500x281.jpg 500w, http:\/\/www.augen-blicke-afrika.de\/blog\/wp-content\/uploads\/2016\/11\/frauenpower1-900x506.jpg 900w\" sizes=\"auto, (max-width: 584px) 100vw, 584px\" \/><\/a> <a href=\"http:\/\/www.augen-blicke-afrika.de\/blog\/wp-content\/uploads\/2016\/11\/frauenpower2.jpg\"><img loading=\"lazy\" decoding=\"async\" class=\"size-large wp-image-3320 aligncenter\" src=\"http:\/\/www.augen-blicke-afrika.de\/blog\/wp-content\/uploads\/2016\/11\/frauenpower2-1024x576.jpg\" alt=\"frauenpower2\" width=\"584\" height=\"329\" srcset=\"http:\/\/www.augen-blicke-afrika.de\/blog\/wp-content\/uploads\/2016\/11\/frauenpower2-1024x576.jpg 1024w, http:\/\/www.augen-blicke-afrika.de\/blog\/wp-content\/uploads\/2016\/11\/frauenpower2-300x169.jpg 300w, http:\/\/www.augen-blicke-afrika.de\/blog\/wp-content\/uploads\/2016\/11\/frauenpower2-768x432.jpg 768w, http:\/\/www.augen-blicke-afrika.de\/blog\/wp-content\/uploads\/2016\/11\/frauenpower2-500x281.jpg 500w, http:\/\/www.augen-blicke-afrika.de\/blog\/wp-content\/uploads\/2016\/11\/frauenpower2-900x506.jpg 900w\" sizes=\"auto, (max-width: 584px) 100vw, 584px\" \/><\/a><\/p>\n<p style=\"text-align: center;\">Die Debatte bezog sich auch auf die vorher gezeigten Spielfilme&nbsp; &#8220;<strong>MOI, ZAPHIRA&#8221;<\/strong> aus Burkina Faso von Apolline Traor\u00e9 und &#8220;<strong>AYANDA&#8221;<\/strong> aus S\u00fcdafrika von Sara Blecher. Beide erz\u00e4hlten von den Schwierigkeiten junger Frauen, sich von Vorurteilen und festgef\u00fcgten gesellschaftlichen Zw\u00e4ngen in den unterschiedlichen traditionellen Rollen frei zu machen.<\/p>\n<p style=\"text-align: center;\"><a href=\"http:\/\/www.augen-blicke-afrika.de\/blog\/wp-content\/uploads\/2016\/11\/PortBlecher.png\"><img loading=\"lazy\" decoding=\"async\" class=\"alignnone size-full wp-image-3321\" src=\"http:\/\/www.augen-blicke-afrika.de\/blog\/wp-content\/uploads\/2016\/11\/PortBlecher.png\" alt=\"PortBlecher\" width=\"107\" height=\"142\"><\/a><\/p>\n<p style=\"text-align: center;\">(Sara Blecher, South Africa)<\/p>\n<p style=\"text-align: center;\"><a href=\"http:\/\/www.augen-blicke-afrika.de\/blog\/wp-content\/uploads\/2016\/11\/PortTraore.jpg\"><img loading=\"lazy\" decoding=\"async\" class=\"size-full wp-image-3318 aligncenter\" src=\"http:\/\/www.augen-blicke-afrika.de\/blog\/wp-content\/uploads\/2016\/11\/PortTraore.jpg\" alt=\"PortTraore\" width=\"107\" height=\"142\"><\/a>(Apolline Traor\u00e9, Burkina Faso)<\/p>\n<p style=\"text-align: center;\"><a href=\"http:\/\/www.augen-blicke-afrika.de\/blog\/wp-content\/uploads\/2016\/11\/PortMahmoud.jpg\"><img loading=\"lazy\" decoding=\"async\" class=\"size-full wp-image-3317 aligncenter\" src=\"http:\/\/www.augen-blicke-afrika.de\/blog\/wp-content\/uploads\/2016\/11\/PortMahmoud.jpg\" alt=\"PortMahmoud\" width=\"107\" height=\"142\"><\/a>(Feriel Ben Mahmoud, Tunisia)<\/p>\n<p style=\"text-align: center;\">Der Dokumentarfilm von Feriel Ben Mahmoud <strong>&#8220;LA R\u00c9VOLUTION DES FEMMES &#8211; UN SI\u00c8CLE DE F\u00c9MINISME ARABE&#8221;<\/strong> war ein Publikumsrenner.<\/p>\n<p style=\"text-align: center;\">Der Film erz\u00e4hlt die in Europa kaum bekannte Geschichte des arabischen Feminismus. Feriel Ben Mahmoud hat daf\u00fcr Interviews mit Frauen aus verschiedenen Generationen in \u00c4gypten, Marokko, Algerien, Tunesien, Saudi-Arabien sowie im Libanon gef\u00fchrt. Nach dem Film gab es mit der Regisseurin Feriel Ben Mahmoud aus Tunesien ein langes, anregendes Gespr\u00e4ch mit dem hoch interessierten Publikum.<\/p>\n<p style=\"text-align: center;\"><a href=\"http:\/\/www.augen-blicke-afrika.de\/blog\/wp-content\/uploads\/2016\/11\/FemArab1-2.jpg\"><img loading=\"lazy\" decoding=\"async\" class=\"size-large wp-image-3324 aligncenter\" src=\"http:\/\/www.augen-blicke-afrika.de\/blog\/wp-content\/uploads\/2016\/11\/FemArab1-2-576x1024.jpg\" alt=\"FemArab1-2\" width=\"576\" height=\"1024\" srcset=\"http:\/\/www.augen-blicke-afrika.de\/blog\/wp-content\/uploads\/2016\/11\/FemArab1-2-576x1024.jpg 576w, http:\/\/www.augen-blicke-afrika.de\/blog\/wp-content\/uploads\/2016\/11\/FemArab1-2-169x300.jpg 169w, http:\/\/www.augen-blicke-afrika.de\/blog\/wp-content\/uploads\/2016\/11\/FemArab1-2-768x1365.jpg 768w, http:\/\/www.augen-blicke-afrika.de\/blog\/wp-content\/uploads\/2016\/11\/FemArab1-2-900x1600.jpg 900w\" sizes=\"auto, (max-width: 576px) 100vw, 576px\" \/><\/a>&nbsp; (Feriel Ben Mahmoud)<\/p>\n<p style=\"text-align: center;\"><a href=\"http:\/\/www.augen-blicke-afrika.de\/blog\/wp-content\/uploads\/2016\/11\/FemArab2-2.jpg\"><img loading=\"lazy\" decoding=\"async\" class=\"size-large wp-image-3325 aligncenter\" src=\"http:\/\/www.augen-blicke-afrika.de\/blog\/wp-content\/uploads\/2016\/11\/FemArab2-2-1024x575.jpg\" alt=\"FemArab2-2\" width=\"584\" height=\"328\" srcset=\"http:\/\/www.augen-blicke-afrika.de\/blog\/wp-content\/uploads\/2016\/11\/FemArab2-2-1024x575.jpg 1024w, http:\/\/www.augen-blicke-afrika.de\/blog\/wp-content\/uploads\/2016\/11\/FemArab2-2-300x169.jpg 300w, http:\/\/www.augen-blicke-afrika.de\/blog\/wp-content\/uploads\/2016\/11\/FemArab2-2-768x431.jpg 768w, http:\/\/www.augen-blicke-afrika.de\/blog\/wp-content\/uploads\/2016\/11\/FemArab2-2-500x281.jpg 500w, http:\/\/www.augen-blicke-afrika.de\/blog\/wp-content\/uploads\/2016\/11\/FemArab2-2-900x506.jpg 900w\" sizes=\"auto, (max-width: 584px) 100vw, 584px\" \/><\/a><\/p>\n<p style=\"text-align: center;\">Die Dokumentarfilme <strong>&#8220;100% DAKAR &#8211; MORE THAN ART&#8221;<\/strong> \u00fcber die junge engagierte K\u00fcnstlerszene in Dakar, und <strong>&#8220;GHANA IS THE FUTURE&#8221;(<\/strong>sowie) \u00fcber eine k\u00fcnstlerische Aktion des <u>ghanaischen<\/u> Rapduos \u201eFOKN Bois<strong><u>\u201c, <\/u><\/strong><u>begeist<\/u>erten in ihrer frischen unkonventionellen Art das Publikum.<\/p>\n<p style=\"text-align: center;\"><a href=\"http:\/\/www.augen-blicke-afrika.de\/blog\/wp-content\/uploads\/2016\/11\/100Dakar1-2.png\"><img loading=\"lazy\" decoding=\"async\" class=\"size-large wp-image-3322 aligncenter\" src=\"http:\/\/www.augen-blicke-afrika.de\/blog\/wp-content\/uploads\/2016\/11\/100Dakar1-2-1024x580.png\" alt=\"100Dakar1-2\" width=\"584\" height=\"331\" srcset=\"http:\/\/www.augen-blicke-afrika.de\/blog\/wp-content\/uploads\/2016\/11\/100Dakar1-2-1024x580.png 1024w, http:\/\/www.augen-blicke-afrika.de\/blog\/wp-content\/uploads\/2016\/11\/100Dakar1-2-300x170.png 300w, http:\/\/www.augen-blicke-afrika.de\/blog\/wp-content\/uploads\/2016\/11\/100Dakar1-2-768x435.png 768w, http:\/\/www.augen-blicke-afrika.de\/blog\/wp-content\/uploads\/2016\/11\/100Dakar1-2-500x283.png 500w, http:\/\/www.augen-blicke-afrika.de\/blog\/wp-content\/uploads\/2016\/11\/100Dakar1-2-900x510.png 900w, http:\/\/www.augen-blicke-afrika.de\/blog\/wp-content\/uploads\/2016\/11\/100Dakar1-2.png 1920w\" sizes=\"auto, (max-width: 584px) 100vw, 584px\" \/><\/a><\/p>\n<p style=\"text-align: center;\"><a href=\"http:\/\/www.augen-blicke-afrika.de\/blog\/wp-content\/uploads\/2016\/11\/100Dakar2-2.png.jpg\"><img loading=\"lazy\" decoding=\"async\" class=\"size-large wp-image-3323 aligncenter\" src=\"http:\/\/www.augen-blicke-afrika.de\/blog\/wp-content\/uploads\/2016\/11\/100Dakar2-2.png-1024x580.jpg\" alt=\"100Dakar2-2.png\" width=\"584\" height=\"331\" srcset=\"http:\/\/www.augen-blicke-afrika.de\/blog\/wp-content\/uploads\/2016\/11\/100Dakar2-2.png-1024x580.jpg 1024w, http:\/\/www.augen-blicke-afrika.de\/blog\/wp-content\/uploads\/2016\/11\/100Dakar2-2.png-300x170.jpg 300w, http:\/\/www.augen-blicke-afrika.de\/blog\/wp-content\/uploads\/2016\/11\/100Dakar2-2.png-768x435.jpg 768w, http:\/\/www.augen-blicke-afrika.de\/blog\/wp-content\/uploads\/2016\/11\/100Dakar2-2.png-500x283.jpg 500w, http:\/\/www.augen-blicke-afrika.de\/blog\/wp-content\/uploads\/2016\/11\/100Dakar2-2.png-900x510.jpg 900w, http:\/\/www.augen-blicke-afrika.de\/blog\/wp-content\/uploads\/2016\/11\/100Dakar2-2.png.jpg 1920w\" sizes=\"auto, (max-width: 584px) 100vw, 584px\" \/><\/a><\/p>\n<p style=\"text-align: center;\">Eindringlich auch das spannend inszeniertes Drama zum Thema Kindersoldaten aus Burkina Faso <strong>&#8221; L\u00b4OEIL DU CYCLONE &#8211; Eye of the Storm&#8221;<\/strong> von S\u00e9kou Traor\u00e9. Darin werden die schier unl\u00f6sbaren Probleme im Nordwesten des Kongo indirekt thematisiert und die Dramatik der Kindersoldaten ganz konkret in den Mittelpunkt ger\u00fcckt.<\/p>\n<p style=\"text-align: center;\"><a href=\"http:\/\/www.augen-blicke-afrika.de\/blog\/wp-content\/uploads\/2016\/11\/DuCyclone.jpg\"><img loading=\"lazy\" decoding=\"async\" class=\"size-large wp-image-3328 aligncenter\" src=\"http:\/\/www.augen-blicke-afrika.de\/blog\/wp-content\/uploads\/2016\/11\/DuCyclone-1024x687.jpg\" alt=\"DuCyclone\" width=\"584\" height=\"392\" srcset=\"http:\/\/www.augen-blicke-afrika.de\/blog\/wp-content\/uploads\/2016\/11\/DuCyclone-1024x687.jpg 1024w, http:\/\/www.augen-blicke-afrika.de\/blog\/wp-content\/uploads\/2016\/11\/DuCyclone-300x201.jpg 300w, http:\/\/www.augen-blicke-afrika.de\/blog\/wp-content\/uploads\/2016\/11\/DuCyclone-768x515.jpg 768w, http:\/\/www.augen-blicke-afrika.de\/blog\/wp-content\/uploads\/2016\/11\/DuCyclone-447x300.jpg 447w, http:\/\/www.augen-blicke-afrika.de\/blog\/wp-content\/uploads\/2016\/11\/DuCyclone-900x604.jpg 900w, http:\/\/www.augen-blicke-afrika.de\/blog\/wp-content\/uploads\/2016\/11\/DuCyclone.jpg 1200w\" sizes=\"auto, (max-width: 584px) 100vw, 584px\" \/><\/a><\/p>\n<p style=\"text-align: center;\">Das Festival wurde beendet mit zwei Filmen \u00fcber den noch weit verbreiteten <strong>Hexenglauben<\/strong> und die schrecklichen Folgen f\u00fcr die Betroffenen.meist Frauen und Kinder. Der beeindruckende Film <strong>&#8220;THE CURSED ONES&#8221; <\/strong>\u00fcber falsche Propheten, Hexenglauben und Machtstrukturen kn\u00fcpft an einen Unicef-Report von 2010 an, nach dem Tausende von Kindern in Afrika betroffen sind: Sie werden als Hexen verfolgt, ausgesto\u00dfen oder gar get\u00f6t<u>et, un<\/u>d das bis heute.<\/p>\n<p style=\"text-align: center;\"><strong>&#8220;WITCHES OF GAMBAGA&#8221;,<\/strong> ein Dokumentarfilm der ghanaischen Regisseurin Yaba <u>Badoe, zeigt <\/u>die schmerzhaften Erfahrungen stigmatisierten Frauen in ihren Heimatd\u00f6rfern. In dem Dorf Gambaga k\u00f6nnen ausgestossene Frauen unter dem Schutz des Dorfchefs leben und \u00fcberleben.<\/p>\n<p style=\"text-align: center;\">Anschlie\u00dfend gab es eine spannende von Studenten der Leuphana Universit\u00e4t L\u00fcneburg geleit<u>eten Dis<\/u>kussion mit der Regisseurin Yaba Badoe.<\/p>\n<p style=\"text-align: center;\"><a href=\"http:\/\/www.augen-blicke-afrika.de\/blog\/wp-content\/uploads\/2016\/11\/BadoeLeuphana.jpg\"><img loading=\"lazy\" decoding=\"async\" class=\"size-large wp-image-3326 aligncenter\" src=\"http:\/\/www.augen-blicke-afrika.de\/blog\/wp-content\/uploads\/2016\/11\/BadoeLeuphana-1024x575.jpg\" alt=\"BadoeLeuphana\" width=\"584\" height=\"328\" srcset=\"http:\/\/www.augen-blicke-afrika.de\/blog\/wp-content\/uploads\/2016\/11\/BadoeLeuphana-1024x575.jpg 1024w, http:\/\/www.augen-blicke-afrika.de\/blog\/wp-content\/uploads\/2016\/11\/BadoeLeuphana-300x169.jpg 300w, http:\/\/www.augen-blicke-afrika.de\/blog\/wp-content\/uploads\/2016\/11\/BadoeLeuphana-768x431.jpg 768w, http:\/\/www.augen-blicke-afrika.de\/blog\/wp-content\/uploads\/2016\/11\/BadoeLeuphana-500x281.jpg 500w, http:\/\/www.augen-blicke-afrika.de\/blog\/wp-content\/uploads\/2016\/11\/BadoeLeuphana-900x506.jpg 900w\" sizes=\"auto, (max-width: 584px) 100vw, 584px\" \/><\/a><\/p>\n<p style=\"text-align: center;\">(Yaba Badoe mit Studenten der Leuphana Universit\u00e4t L\u00fcneburg)<\/p>\n<p style=\"text-align: center;\"><a href=\"http:\/\/www.augen-blicke-afrika.de\/blog\/wp-content\/uploads\/2016\/11\/BlaetterFallen.jpg\"><img loading=\"lazy\" decoding=\"async\" class=\"size-large wp-image-3327 aligncenter\" src=\"http:\/\/www.augen-blicke-afrika.de\/blog\/wp-content\/uploads\/2016\/11\/BlaetterFallen-1024x768.jpg\" alt=\"BlaetterFallen\" width=\"584\" height=\"438\" srcset=\"http:\/\/www.augen-blicke-afrika.de\/blog\/wp-content\/uploads\/2016\/11\/BlaetterFallen-1024x768.jpg 1024w, http:\/\/www.augen-blicke-afrika.de\/blog\/wp-content\/uploads\/2016\/11\/BlaetterFallen-300x225.jpg 300w, http:\/\/www.augen-blicke-afrika.de\/blog\/wp-content\/uploads\/2016\/11\/BlaetterFallen-768x576.jpg 768w, http:\/\/www.augen-blicke-afrika.de\/blog\/wp-content\/uploads\/2016\/11\/BlaetterFallen-400x300.jpg 400w, http:\/\/www.augen-blicke-afrika.de\/blog\/wp-content\/uploads\/2016\/11\/BlaetterFallen-900x675.jpg 900w\" sizes=\"auto, (max-width: 584px) 100vw, 584px\" \/><\/a><\/p>\n<p style=\"text-align: center;\">Und wenn die Bl\u00e4tter wieder fallen gibt es das n\u00e4chste afrikanische Filmfestival.<\/p>\n<p style=\"text-align: center;\">Euer Team AUGEN BLICKE AFRIKA<\/p>\n<p style=\"text-align: center;\"><a href=\"http:\/\/www.augen-blicke-afrika.de\/\">www.augen-blicke-afrika.de<\/a><\/p>\n<p style=\"text-align: center;\"><a href=\"http:\/\/www.facebook.com\/afrikanischesfilmfestivalhamburg\">www.facebook.com\/afrikanischesfilmfestivalhamburg<\/a><\/p>\n","protected":false},"excerpt":{"rendered":"<p>Liebe Freunde und Freundinnen afrikanischer Kultur, unser nun schon 5. afrikanisches Filmfestivals AUGEN BLICKE AFRIKA ist mit spannenden Vorf\u00fchrungen und Diskussionen mit den eingeladenen G\u00e4sten gro\u00dfartig verlaufen. Zu unserm diesj\u00e4hrigen Schwerpunkt \u201eFrauen im afrikanischen Kino\u201c konnten wir f\u00fcnf Filmemacherinnen aus &hellip; <a href=\"http:\/\/www.augen-blicke-afrika.de\/blog\/archiv\/archiv-2016\/nachlese-2\/\">Weiterlesen <span class=\"meta-nav\">&rarr;<\/span><\/a><\/p>\n","protected":false},"author":4,"featured_media":3277,"parent":3336,"menu_order":0,"comment_status":"closed","ping_status":"closed","template":"afrika2016.php","meta":{"footnotes":""},"class_list":["post-3286","page","type-page","status-publish","has-post-thumbnail","hentry"],"_links":{"self":[{"href":"http:\/\/www.augen-blicke-afrika.de\/blog\/wp-json\/wp\/v2\/pages\/3286","targetHints":{"allow":["GET"]}}],"collection":[{"href":"http:\/\/www.augen-blicke-afrika.de\/blog\/wp-json\/wp\/v2\/pages"}],"about":[{"href":"http:\/\/www.augen-blicke-afrika.de\/blog\/wp-json\/wp\/v2\/types\/page"}],"author":[{"embeddable":true,"href":"http:\/\/www.augen-blicke-afrika.de\/blog\/wp-json\/wp\/v2\/users\/4"}],"replies":[{"embeddable":true,"href":"http:\/\/www.augen-blicke-afrika.de\/blog\/wp-json\/wp\/v2\/comments?post=3286"}],"version-history":[{"count":6,"href":"http:\/\/www.augen-blicke-afrika.de\/blog\/wp-json\/wp\/v2\/pages\/3286\/revisions"}],"predecessor-version":[{"id":7057,"href":"http:\/\/www.augen-blicke-afrika.de\/blog\/wp-json\/wp\/v2\/pages\/3286\/revisions\/7057"}],"up":[{"embeddable":true,"href":"http:\/\/www.augen-blicke-afrika.de\/blog\/wp-json\/wp\/v2\/pages\/3336"}],"wp:featuredmedia":[{"embeddable":true,"href":"http:\/\/www.augen-blicke-afrika.de\/blog\/wp-json\/wp\/v2\/media\/3277"}],"wp:attachment":[{"href":"http:\/\/www.augen-blicke-afrika.de\/blog\/wp-json\/wp\/v2\/media?parent=3286"}],"curies":[{"name":"wp","href":"https:\/\/api.w.org\/{rel}","templated":true}]}}