{"id":1459,"date":"2014-10-09T15:12:35","date_gmt":"2014-10-09T13:12:35","guid":{"rendered":"http:\/\/www.augen-blicke-afrika.de\/blog\/?page_id=1459"},"modified":"2022-09-18T16:39:29","modified_gmt":"2022-09-18T14:39:29","slug":"behind-the-rainbow","status":"publish","type":"page","link":"http:\/\/www.augen-blicke-afrika.de\/blog\/archiv\/archiv-2014\/filme-2014\/behind-the-rainbow\/","title":{"rendered":"Behind the Rainbow"},"content":{"rendered":"<table style=\"height: 356px;\" width=\"756\">\n<thead>\n<tr>\n<td>\n<p class=\"hide-if-no-js\"><a id=\"set-post-thumbnail\" class=\"thickbox\" title=\"Beitragsbild festlegen\" href=\"http:\/\/www.augen-blicke-afrika.de\/blog\/wp-admin\/media-upload.php?post_id=1455&amp;type=image&amp;TB_iframe=1\"><img loading=\"lazy\" decoding=\"async\" class=\"attachment-post-thumbnail\" src=\"http:\/\/www.augen-blicke-afrika.de\/blog\/wp-content\/uploads\/2014\/10\/Zuma-@ANC-Congress.jpg\" alt=\"Zuma-@ANC-Congress\" width=\"569\" height=\"342\"><\/a><\/p>\n<p>&nbsp;<\/p>\n<h1>Behind the Rainbow<\/h1>\n<h3>Dokumentarfilm, S\u00fcdafrika \/ \u00c4gypten 2009, R.: Jihan El-Tahri, 124 Min., OF, engl. UT<\/h3>\n<\/td>\n<\/tr>\n<\/thead>\n<tbody>\n<tr>\n<td>Die \u00e4gyptische Dokumentarfilmerin beschreibt mit seltenen historischen Archivaufnahmen die Entwicklung des Afrikanischen Nationalkongresses (ANC) von der Befreiungsbewegung zur Re\u00adgierungs\u00ad\u00adpartei in S\u00fcdafrika und fragt: Wie wirkt sich Macht auf den Traum von Gerechtigkeit aus?<br \/>\nNeben Nelson Mandela geh\u00f6ren Jacob Zuma, der amtierende Pr\u00e4sident des Landes, sowie sein Vorg\u00e4nger, Thabo Mbeki, zu den Schl\u00fcsselfiguren des Films. K\u00e4mpften sie fr\u00fcher im Exil und im Untergrund an der Seite Mandelas gemeinsam gegen das Apartheidregime, so wuchs in den 15 Jahren seit der Befreiung ihre politische Rivalit\u00e4t. Ihr erbitterter Machtkampf drohte zuletzt nicht nur den ANC, sondern das gesamte Land zu spalten, zumal die verarmte schwarze Bev\u00f6lkerungsmehrheit bislang weitgehend vergeblich auf eine Verbesserung ihrer Lebenslage wartet.<\/td>\n<\/tr>\n<tr>\n<td style=\"border-bottom: none;\">&nbsp;<\/p>\n<p class=\"hide-if-no-js\"><a id=\"set-post-thumbnail\" class=\"thickbox\" title=\"Beitragsbild festlegen\" href=\"http:\/\/www.augen-blicke-afrika.de\/blog\/wp-admin\/media-upload.php?post_id=1455&amp;type=image&amp;TB_iframe=1\"><img loading=\"lazy\" decoding=\"async\" class=\"attachment-post-thumbnail alignleft\" src=\"http:\/\/www.augen-blicke-afrika.de\/blog\/wp-content\/uploads\/2014\/10\/BEHIND-THE-RAINBOW-1.jpg\" alt=\"BEHIND-THE-RAINBOW-1\" width=\"142\" height=\"198\"><\/a><\/p>\n<p><strong>Jihan El-Tahri<\/strong> ist eine \u00e4gyptisch-franz\u00f6sische Produzentin und preisgekr\u00f6nte Dokumentarfilmerin. Der Film \u201eBehind the Rainbow\u201c&nbsp; wurde auf vielen internationalen Festivals gezeigt und ausgezeichnet.<br \/>\nSeit 1990 hat sie zahlreiche Dokumentarfilme f\u00fcr europ\u00e4ische Fernsehanstalten gedreht. In Paris wurde sie zur Generalsekret\u00e4rin der \u201eGilde afrikanischer Filmemacher\u201c in der Diaspora gew\u00e4hlt.<\/td>\n<\/tr>\n<\/tbody>\n<\/table>\n<p>&nbsp;<\/p>\n<p>&nbsp;<\/p>\n","protected":false},"excerpt":{"rendered":"<p>&nbsp; Behind the Rainbow Dokumentarfilm, S\u00fcdafrika \/ \u00c4gypten 2009, R.: Jihan El-Tahri, 124 Min., OF, engl. UT Die \u00e4gyptische Dokumentarfilmerin beschreibt mit seltenen historischen Archivaufnahmen die Entwicklung des Afrikanischen Nationalkongresses (ANC) von der Befreiungsbewegung zur Re\u00adgierungs\u00ad\u00adpartei in S\u00fcdafrika und fragt: &hellip; <a href=\"http:\/\/www.augen-blicke-afrika.de\/blog\/archiv\/archiv-2014\/filme-2014\/behind-the-rainbow\/\">Weiterlesen <span class=\"meta-nav\">&rarr;<\/span><\/a><\/p>\n","protected":false},"author":3,"featured_media":6824,"parent":4184,"menu_order":0,"comment_status":"closed","ping_status":"closed","template":"afrika2014_oh.php","meta":{"footnotes":""},"class_list":["post-1459","page","type-page","status-publish","has-post-thumbnail","hentry"],"_links":{"self":[{"href":"http:\/\/www.augen-blicke-afrika.de\/blog\/wp-json\/wp\/v2\/pages\/1459","targetHints":{"allow":["GET"]}}],"collection":[{"href":"http:\/\/www.augen-blicke-afrika.de\/blog\/wp-json\/wp\/v2\/pages"}],"about":[{"href":"http:\/\/www.augen-blicke-afrika.de\/blog\/wp-json\/wp\/v2\/types\/page"}],"author":[{"embeddable":true,"href":"http:\/\/www.augen-blicke-afrika.de\/blog\/wp-json\/wp\/v2\/users\/3"}],"replies":[{"embeddable":true,"href":"http:\/\/www.augen-blicke-afrika.de\/blog\/wp-json\/wp\/v2\/comments?post=1459"}],"version-history":[{"count":10,"href":"http:\/\/www.augen-blicke-afrika.de\/blog\/wp-json\/wp\/v2\/pages\/1459\/revisions"}],"predecessor-version":[{"id":6829,"href":"http:\/\/www.augen-blicke-afrika.de\/blog\/wp-json\/wp\/v2\/pages\/1459\/revisions\/6829"}],"up":[{"embeddable":true,"href":"http:\/\/www.augen-blicke-afrika.de\/blog\/wp-json\/wp\/v2\/pages\/4184"}],"wp:featuredmedia":[{"embeddable":true,"href":"http:\/\/www.augen-blicke-afrika.de\/blog\/wp-json\/wp\/v2\/media\/6824"}],"wp:attachment":[{"href":"http:\/\/www.augen-blicke-afrika.de\/blog\/wp-json\/wp\/v2\/media?parent=1459"}],"curies":[{"name":"wp","href":"https:\/\/api.w.org\/{rel}","templated":true}]}}