{"id":1447,"date":"2014-10-09T12:50:40","date_gmt":"2014-10-09T10:50:40","guid":{"rendered":"http:\/\/www.augen-blicke-afrika.de\/blog\/?page_id=1447"},"modified":"2022-09-18T16:42:02","modified_gmt":"2022-09-18T14:42:02","slug":"juju-factory","status":"publish","type":"page","link":"http:\/\/www.augen-blicke-afrika.de\/blog\/archiv\/archiv-2014\/filme-2014\/juju-factory\/","title":{"rendered":"Juju Factory"},"content":{"rendered":"<table style=\"height: 356px;\" width=\"756\">\n<thead>\n<tr>\n<td>\n<p class=\"hide-if-no-js\"><a id=\"set-post-thumbnail\" class=\"thickbox\" title=\"Beitragsbild festlegen\" href=\"http:\/\/www.augen-blicke-afrika.de\/blog\/wp-admin\/media-upload.php?post_id=1443&amp;type=image&amp;TB_iframe=1\"><img loading=\"lazy\" decoding=\"async\" class=\"attachment-post-thumbnail\" src=\"http:\/\/www.augen-blicke-afrika.de\/blog\/wp-content\/uploads\/2014\/10\/neu-1.jpg\" alt=\"neu-1\" width=\"572\" height=\"255\"><\/a><\/p>\n<p>&nbsp;<\/p>\n<h1>Juju Factory<\/h1>\n<h3>Dem. Rep. Kongo \/ Belgien 2007, R.: Balufu Bakupa-Kanyinda,<br \/>\n97 Min., frz. OF, dt. UT<\/h3>\n<\/td>\n<\/tr>\n<\/thead>\n<tbody>\n<tr>\n<td>Der Film erz\u00e4hlt die Geschichte des Schriftstellers Kongo Congo, der in Matong\u00e9 lebt, dem afrikanischen Viertel in Br\u00fcssel. Er hat den Auftrag, ein Buch \u00fcber die kongolesische Diaspora zu schreiben, und ger\u00e4t dabei &#8211; von Geldsorgen geplagt &#8211; in einen Konflikt: Der Verleger stellt sich den Roman als eine Art popul\u00e4ren Reisef\u00fchrer mit ethnischen Details vor, unpolitisch und ohne Tiefgang. Das widerstrebt Kongo, der das Leben der Afrikaner in Br\u00fcssel realistisch und kritisch darstellen und die dahinter verborgenen Spuren der belgischen Kolonialgeschichte aufdecken will.<br \/>\nDie Betrachtungsweise des Schriftstellers f\u00fchrt zu immer heftigeren Disputen mit seinem Verleger. Die Dialoge der beiden spiegeln zwei Seiten wider: Pr\u00e4senz und Verdr\u00e4ngung der Kolonialgeschichte.<\/td>\n<\/tr>\n<tr>\n<td style=\"border-bottom: none;\">&nbsp;<\/p>\n<p class=\"hide-if-no-js\"><a id=\"set-post-thumbnail\" class=\"thickbox\" title=\"Beitragsbild festlegen\" href=\"http:\/\/www.augen-blicke-afrika.de\/blog\/wp-admin\/media-upload.php?post_id=1443&amp;type=image&amp;TB_iframe=1\"><img loading=\"lazy\" decoding=\"async\" class=\"attachment-post-thumbnail alignleft\" src=\"http:\/\/www.augen-blicke-afrika.de\/blog\/wp-content\/uploads\/2014\/10\/bild.jpg\" alt=\"bild\" width=\"149\" height=\"162\"><\/a><\/p>\n<p><strong>Balufu Bakupa-Kanyinda<\/strong>, geb. 1957 im Kongo, studierte Soziologie, Geschichte und Philosophie in Belgien. Seine Ausbildung zum Filmemacher absolvierte er in Frankreich, England und in den USA. Er arbeitet heute als Drehbuchautor, Schriftsteller und Filmregisseur, z. Z. lebt er haupts\u00e4chlich in der Demokratischen Republik Kongo.<br \/>\n\u201eJuju Factory\u201c gewann u.a. den Golden Dhow Award als bester Film beim Zanzibar International Film Festival 2007 und den ersten Preis beim Festival \u201eEcrans noirs 2008\u201c in Yaound\u00e9 (Kamerun).<\/td>\n<\/tr>\n<\/tbody>\n<\/table>\n<p>&nbsp;<\/p>\n<p>&nbsp;<\/p>\n","protected":false},"excerpt":{"rendered":"<p>&nbsp; Juju Factory Dem. Rep. Kongo \/ Belgien 2007, R.: Balufu Bakupa-Kanyinda, 97 Min., frz. OF, dt. UT Der Film erz\u00e4hlt die Geschichte des Schriftstellers Kongo Congo, der in Matong\u00e9 lebt, dem afrikanischen Viertel in Br\u00fcssel. Er hat den Auftrag, &hellip; <a href=\"http:\/\/www.augen-blicke-afrika.de\/blog\/archiv\/archiv-2014\/filme-2014\/juju-factory\/\">Weiterlesen <span class=\"meta-nav\">&rarr;<\/span><\/a><\/p>\n","protected":false},"author":3,"featured_media":6824,"parent":4184,"menu_order":0,"comment_status":"closed","ping_status":"closed","template":"afrika2014_oh.php","meta":{"footnotes":""},"class_list":["post-1447","page","type-page","status-publish","has-post-thumbnail","hentry"],"_links":{"self":[{"href":"http:\/\/www.augen-blicke-afrika.de\/blog\/wp-json\/wp\/v2\/pages\/1447","targetHints":{"allow":["GET"]}}],"collection":[{"href":"http:\/\/www.augen-blicke-afrika.de\/blog\/wp-json\/wp\/v2\/pages"}],"about":[{"href":"http:\/\/www.augen-blicke-afrika.de\/blog\/wp-json\/wp\/v2\/types\/page"}],"author":[{"embeddable":true,"href":"http:\/\/www.augen-blicke-afrika.de\/blog\/wp-json\/wp\/v2\/users\/3"}],"replies":[{"embeddable":true,"href":"http:\/\/www.augen-blicke-afrika.de\/blog\/wp-json\/wp\/v2\/comments?post=1447"}],"version-history":[{"count":7,"href":"http:\/\/www.augen-blicke-afrika.de\/blog\/wp-json\/wp\/v2\/pages\/1447\/revisions"}],"predecessor-version":[{"id":6834,"href":"http:\/\/www.augen-blicke-afrika.de\/blog\/wp-json\/wp\/v2\/pages\/1447\/revisions\/6834"}],"up":[{"embeddable":true,"href":"http:\/\/www.augen-blicke-afrika.de\/blog\/wp-json\/wp\/v2\/pages\/4184"}],"wp:featuredmedia":[{"embeddable":true,"href":"http:\/\/www.augen-blicke-afrika.de\/blog\/wp-json\/wp\/v2\/media\/6824"}],"wp:attachment":[{"href":"http:\/\/www.augen-blicke-afrika.de\/blog\/wp-json\/wp\/v2\/media?parent=1447"}],"curies":[{"name":"wp","href":"https:\/\/api.w.org\/{rel}","templated":true}]}}